{"id":1006716,"date":"2020-11-12T10:34:16","date_gmt":"2020-11-12T09:34:16","guid":{"rendered":"https:\/\/tzosvetanedelja.hr\/?page_id=1006716"},"modified":"2020-11-12T10:34:16","modified_gmt":"2020-11-12T09:34:16","slug":"naslovna","status":"publish","type":"page","link":"https:\/\/tzosvetanedelja.hr\/en\/naslovna\/","title":{"rendered":"Naslovna"},"content":{"rendered":"<div     class=\"vc_row wpb_row section vc_row-fluid\" style=' text-align:left;'><div class=\"full_section_inner clearfix\"><div class=\"wpb_column vc_column_container vc_col-sm-12\"><div class=\"vc_column-inner\"><div class=\"wpb_wrapper\">\n\t\t\t<!-- START Naslovna REVOLUTION SLIDER 6.1.7 --><p class=\"rs-p-wp-fix\"><\/p>\n\t\t\t<rs-module-wrap id=\"rev_slider_2_1_wrapper\" data-source=\"gallery\" style=\"background:transparent;padding:0;\">\n\t\t\t\t<rs-module id=\"rev_slider_2_1\" style=\"display:none;\" data-version=\"6.1.7\">\n\t\t\t\t\t<rs-slides>\n\t\t\t\t\t\t<rs-slide data-key=\"rs-2\" data-title=\"Slide\" data-anim=\"ei:d;eo:d;s:1000;r:0;t:fade;sl:0;\">\n\t\t\t\t\t\t\t<img src=\"\/\/tzosvetanedelja.hr\/wp-content\/uploads\/2022\/01\/SVETI-MARTIN-1-scaled.jpg\" alt=\"Sveti Martin\" title=\"Sveti Martin\" width=\"2560\" height=\"1705\" data-parallax=\"off\" class=\"rev-slidebg\" data-no-retina>\n<!--\n\t\t\t\t\t\t\t--><rs-layer\n\t\t\t\t\t\t\t\tid=\"slider-2-slide-2-layer-1\" \n\t\t\t\t\t\t\t\tdata-type=\"text\"\n\t\t\t\t\t\t\t\tdata-rsp_ch=\"on\"\n\t\t\t\t\t\t\t\tdata-xy=\"x:r;xo:91px,75px,56px,34px;y:m;yo:244px,201px,152px,93px;\"\n\t\t\t\t\t\t\t\tdata-text=\"w:normal;s:200,165,125,77;l:100,82,62,38;ls:-6px,-4px,-3px,-1px;\"\n\t\t\t\t\t\t\t\tdata-dim=\"w:663px,547px,415px,256px;\"\n\t\t\t\t\t\t\t\tdata-frame_1=\"e:Power4.easeInOut;st:400;sp:1500;sR:400;\"\n\t\t\t\t\t\t\t\tdata-frame_999=\"o:0;st:w;sR:7100;\"\n\t\t\t\t\t\t\t\tstyle=\"z-index:9;font-family:Caveat;\"\n\t\t\t\t\t\t\t>Experience \n\t\t\t\t\t\t\t<\/rs-layer><!--\n\n\t\t\t\t\t\t\t--><rs-layer\n\t\t\t\t\t\t\t\tid=\"slider-2-slide-2-layer-3\" \n\t\t\t\t\t\t\t\tdata-type=\"text\"\n\t\t\t\t\t\t\t\tdata-rsp_ch=\"on\"\n\t\t\t\t\t\t\t\tdata-xy=\"x:r;xo:-4px,-3px,-2px,-1px;y:m;yo:337px,278px,211px,130px;\"\n\t\t\t\t\t\t\t\tdata-text=\"w:normal;s:48,39,29,17;l:56,46,34,20;\"\n\t\t\t\t\t\t\t\tdata-dim=\"w:663px,547px,415px,256px;\"\n\t\t\t\t\t\t\t\tdata-frame_1=\"e:Power4.easeInOut;st:790;sp:1500;sR:790;\"\n\t\t\t\t\t\t\t\tdata-frame_999=\"o:0;st:w;sR:6710;\"\n\t\t\t\t\t\t\t\tstyle=\"z-index:8;font-family:Source Sans Pro;\"\n\t\t\t\t\t\t\t>nature and beautiful landscapes \n\t\t\t\t\t\t\t<\/rs-layer><!--\n-->\t\t\t\t\t\t<\/rs-slide>\n\t\t\t\t\t<\/rs-slides>\n\t\t\t\t\t<rs-progress class=\"rs-bottom\" style=\"visibility: hidden !important;\"><\/rs-progress>\n\t\t\t\t<\/rs-module>\n\t\t\t\t<script type=\"text\/javascript\">\n\t\t\t\t\tsetREVStartSize({c: 'rev_slider_2_1',rl:[1240,1024,778,480],el:[900,768,960,720],gw:[1240,1024,778,480],gh:[900,768,960,720],type:'hero',justify:'',layout:'fullscreen',offsetContainer:'',offset:'',mh:\"0\"});\n\t\t\t\t\tvar\trevapi2,\n\t\t\t\t\t\ttpj;\n\t\t\t\t\tjQuery(function() {\n\t\t\t\t\t\ttpj = jQuery;\n\t\t\t\t\t\tif(tpj(\"#rev_slider_2_1\").revolution == undefined){\n\t\t\t\t\t\t\trevslider_showDoubleJqueryError(\"#rev_slider_2_1\");\n\t\t\t\t\t\t}else{\n\t\t\t\t\t\t\trevapi2 = tpj(\"#rev_slider_2_1\").show().revolution({\n\t\t\t\t\t\t\t\tsliderType:\"hero\",\n\t\t\t\t\t\t\t\tjsFileLocation:\"\/\/tzosvetanedelja.hr\/wp-content\/plugins\/revslider\/public\/assets\/js\/\",\n\t\t\t\t\t\t\t\tsliderLayout:\"fullscreen\",\n\t\t\t\t\t\t\t\tvisibilityLevels:\"1240,1024,778,480\",\n\t\t\t\t\t\t\t\tgridwidth:\"1240,1024,778,480\",\n\t\t\t\t\t\t\t\tgridheight:\"900,768,960,720\",\n\t\t\t\t\t\t\t\tspinner:\"spinner14\",\n\t\t\t\t\t\t\t\teditorheight:\"900,768,960,720\",\n\t\t\t\t\t\t\t\tresponsiveLevels:\"1240,1024,778,480\",\n\t\t\t\t\t\t\t\tdisableProgressBar:\"on\",\n\t\t\t\t\t\t\t\tnavigation: {\n\t\t\t\t\t\t\t\t\tonHoverStop:false\n\t\t\t\t\t\t\t\t},\n\t\t\t\t\t\t\t\tparallax: {\n\t\t\t\t\t\t\t\t\tlevels:[5,10,15,20,25,30,35,40,45,46,47,48,49,50,51,30],\n\t\t\t\t\t\t\t\t\ttype:\"scroll\",\n\t\t\t\t\t\t\t\t\torigo:\"slidercenter\",\n\t\t\t\t\t\t\t\t\tspeed:0\n\t\t\t\t\t\t\t\t},\n\t\t\t\t\t\t\t\tscrolleffect: {\n\t\t\t\t\t\t\t\t\tset:true,\n\t\t\t\t\t\t\t\t\tmultiplicator:1.3,\n\t\t\t\t\t\t\t\t\tmultiplicator_layers:1.3\n\t\t\t\t\t\t\t\t},\n\t\t\t\t\t\t\t\tfallbacks: {\n\t\t\t\t\t\t\t\t\tallowHTML5AutoPlayOnAndroid:true\n\t\t\t\t\t\t\t\t},\n\t\t\t\t\t\t\t});\n\t\t\t\t\t\t}\n\t\t\t\t\t\t\n\t\t\t\t\t});\n\t\t\t\t<\/script>\n\t\t\t<\/rs-module-wrap>\n\t\t\t<!-- END REVOLUTION SLIDER -->\n<\/div><\/div><\/div><\/div><\/div><div     class=\"vc_row wpb_row section vc_row-fluid pt-70 grid_section\" style=' padding-top:100px; padding-bottom:100px; text-align:center;'><div class=\"section_inner clearfix\"><div class='section_inner_margin clearfix'><div class=\"wpb_column vc_column_container vc_col-sm-2\"><div class=\"vc_column-inner\"><div class=\"wpb_wrapper\"><\/div><\/div><\/div><div class=\"wpb_column vc_column_container vc_col-sm-8\"><div class=\"vc_column-inner\"><div class=\"wpb_wrapper\">\n\t<div class=\"wpb_text_column wpb_content_element\">\n\t\t<div class=\"wpb_wrapper\">\n\t\t\t<h1>Turisti\u010dka Zajednica<br \/>\nOp\u0107ine Sveta Nedelja<\/h1>\n<p><span class=\"lead\">In the eastern part of central Istria, on a high plateau above the Ra\u0161a river valley and in the hinterland of the town of Labin, there is a special municipality of Sveta Nedelja.<br \/>\nThe unique location, proximity to the sea, but also to lush forests, signifies a holistic green &amp; blue combo, which represents a great potential for development and high quality of life for the residents of this area, as well as for numerous visitors.<\/span><\/p>\n<p>This area is full of architectural remains that will tell you the story of the long and interesting history of this area and awaken the desire to explore and discover why in ancient times the rich chose this very area as the place to build their country estates.<\/p>\n\n\t\t<\/div> \n\t<\/div> <\/div><\/div><\/div><div class=\"wpb_column vc_column_container vc_col-sm-2\"><div class=\"vc_column-inner\"><div class=\"wpb_wrapper\"><\/div><\/div><\/div><\/div><\/div><\/div><div     class=\"vc_row wpb_row section vc_row-fluid\" style='background-color:#212529; text-align:left;'><div class=\"full_section_inner clearfix\"><div class=\"wpb_column vc_column_container vc_col-sm-12\"><div class=\"vc_column-inner\"><div class=\"wpb_wrapper\">\n\t<div class=\"wpb_raw_code wpb_content_element wpb_raw_html\" >\n\t\t<div class=\"wpb_wrapper\">\n\t\t\t<div class='youtube_codegena' id='UmsssWZmDPw' data-params='?&theme=dark&autoplay=1&autohide=2&modestbranding=1' src='https:\/\/tzosvetanedelja.hr\/wp-content\/uploads\/2013\/10\/DJI_0095.jpg'style='width:100%; height:505px'><\/div><script src='https:\/\/rawgit.com\/shaneapen\/Async-Youtube-Player\/master\/async_youtube_player.js'><\/script><div style='font-size: 0.8em'><\/div>\n\t\t<\/div>\n\t<\/div>\n<\/div><\/div><\/div><\/div><\/div><div     class=\"vc_row wpb_row section vc_row-fluid novosti-section grid_section\" style='background-color:#f7f7f7; padding-top:70px; padding-bottom:70px; text-align:left;'><div class=\"section_inner clearfix\"><div class='section_inner_margin clearfix'><div class=\"wpb_column vc_column_container vc_col-sm-12\"><div class=\"vc_column-inner\"><div class=\"wpb_wrapper\">\n\t<div class=\"wpb_text_column wpb_content_element\">\n\t\t<div class=\"wpb_wrapper\">\n\t\t\t<h3>News<\/h3>\n\n\t\t<\/div> \n\t<\/div> <div class=\"vc_empty_space\"   style=\"height: 30px\"><span class=\"vc_empty_space_inner\"><\/span><\/div><div     class=\"vc_row wpb_row vc_inner section vc_row-fluid novosti-bcg grid_section\" style=' text-align:left;'><div class=\"section_inner clearfix\"><div class='section_inner_margin clearfix'><div class=\"wpb_column vc_column_container vc_col-sm-12\"><div class=\"vc_column-inner\"><div class=\"wpb_wrapper\">\n\t<div class=\"wpb_text_column wpb_content_element\">\n\t\t<div class=\"wpb_wrapper\">\n\t\t\t<div class=\"pod-posts\">\r\n\t\r\n\t<div class=\"novost-fr\">\r\n\t\t<div class=\"pod-image\"><a href=\"https:\/\/tzosvetanedelja.hr\/en\/novost\/krenule-su-prijave-za-6-vinsku-setnju-osigurajte-svoje-mjesto-na-najdrazoj-proljetnoj-ruti\/\"><img width=\"768\" height=\"512\" src=\"https:\/\/tzosvetanedelja.hr\/wp-content\/uploads\/2026\/04\/Vinska-setnja-2025-1-768x512.jpg\" class=\"attachment-medium_large size-medium_large\" alt=\"\" loading=\"lazy\" srcset=\"https:\/\/tzosvetanedelja.hr\/wp-content\/uploads\/2026\/04\/Vinska-setnja-2025-1-768x512.jpg 768w, https:\/\/tzosvetanedelja.hr\/wp-content\/uploads\/2026\/04\/Vinska-setnja-2025-1-1000x667.jpg 1000w, https:\/\/tzosvetanedelja.hr\/wp-content\/uploads\/2026\/04\/Vinska-setnja-2025-1-2000x1333.jpg 2000w, https:\/\/tzosvetanedelja.hr\/wp-content\/uploads\/2026\/04\/Vinska-setnja-2025-1-1536x1024.jpg 1536w, https:\/\/tzosvetanedelja.hr\/wp-content\/uploads\/2026\/04\/Vinska-setnja-2025-1-18x12.jpg 18w, https:\/\/tzosvetanedelja.hr\/wp-content\/uploads\/2026\/04\/Vinska-setnja-2025-1-700x467.jpg 700w, https:\/\/tzosvetanedelja.hr\/wp-content\/uploads\/2026\/04\/Vinska-setnja-2025-1-1100x733.jpg 1100w, https:\/\/tzosvetanedelja.hr\/wp-content\/uploads\/2026\/04\/Vinska-setnja-2025-1.jpg 2048w\" sizes=\"(max-width: 768px) 100vw, 768px\" \/><\/a><\/div>\r\n\t<\/div>\r\n\t\r\n\t<div class=\"novost-sr\">\t\r\n\t\t<p class=\"small\">Objavljeno: 15.04.2026.<\/p>\r\n\t\t<h3><a href=\"https:\/\/tzosvetanedelja.hr\/en\/novost\/krenule-su-prijave-za-6-vinsku-setnju-osigurajte-svoje-mjesto-na-najdrazoj-proljetnoj-ruti\/\">Krenule su prijave za 6. Vinsku \u0161etnju \u2013 Osigurajte svoje mjesto na najdra\u017eoj proljetnoj ruti!<\/a><\/h3>\r\n\t<\/div>\r\n<\/div><div class=\"pod-posts\">\r\n\t\r\n\t<div class=\"novost-fr\">\r\n\t\t<div class=\"pod-image\"><a href=\"https:\/\/tzosvetanedelja.hr\/en\/novost\/nova-ciklo-stanica-na-dubrovi\/\"><img width=\"768\" height=\"576\" src=\"https:\/\/tzosvetanedelja.hr\/wp-content\/uploads\/2026\/04\/0-02-05-058521288f8c48911388cb84c490d0e3d90c31d4fe23d2c3c54daed554487594_2139163fcd68c8e0-768x576.jpg\" class=\"attachment-medium_large size-medium_large\" alt=\"\" loading=\"lazy\" srcset=\"https:\/\/tzosvetanedelja.hr\/wp-content\/uploads\/2026\/04\/0-02-05-058521288f8c48911388cb84c490d0e3d90c31d4fe23d2c3c54daed554487594_2139163fcd68c8e0-768x576.jpg 768w, https:\/\/tzosvetanedelja.hr\/wp-content\/uploads\/2026\/04\/0-02-05-058521288f8c48911388cb84c490d0e3d90c31d4fe23d2c3c54daed554487594_2139163fcd68c8e0-1000x750.jpg 1000w, https:\/\/tzosvetanedelja.hr\/wp-content\/uploads\/2026\/04\/0-02-05-058521288f8c48911388cb84c490d0e3d90c31d4fe23d2c3c54daed554487594_2139163fcd68c8e0-1536x1152.jpg 1536w, https:\/\/tzosvetanedelja.hr\/wp-content\/uploads\/2026\/04\/0-02-05-058521288f8c48911388cb84c490d0e3d90c31d4fe23d2c3c54daed554487594_2139163fcd68c8e0-16x12.jpg 16w, https:\/\/tzosvetanedelja.hr\/wp-content\/uploads\/2026\/04\/0-02-05-058521288f8c48911388cb84c490d0e3d90c31d4fe23d2c3c54daed554487594_2139163fcd68c8e0-800x600.jpg 800w, https:\/\/tzosvetanedelja.hr\/wp-content\/uploads\/2026\/04\/0-02-05-058521288f8c48911388cb84c490d0e3d90c31d4fe23d2c3c54daed554487594_2139163fcd68c8e0-700x525.jpg 700w, https:\/\/tzosvetanedelja.hr\/wp-content\/uploads\/2026\/04\/0-02-05-058521288f8c48911388cb84c490d0e3d90c31d4fe23d2c3c54daed554487594_2139163fcd68c8e0-1100x825.jpg 1100w, https:\/\/tzosvetanedelja.hr\/wp-content\/uploads\/2026\/04\/0-02-05-058521288f8c48911388cb84c490d0e3d90c31d4fe23d2c3c54daed554487594_2139163fcd68c8e0.jpg 1600w\" sizes=\"(max-width: 768px) 100vw, 768px\" \/><\/a><\/div>\r\n\t<\/div>\r\n\t\r\n\t<div class=\"novost-sr\">\t\r\n\t\t<p class=\"small\">Objavljeno: 14.04.2026.<\/p>\r\n\t\t<h3><a href=\"https:\/\/tzosvetanedelja.hr\/en\/novost\/nova-ciklo-stanica-na-dubrovi\/\">Nova ciklo stanica na Dubrovi<\/a><\/h3>\r\n\t<\/div>\r\n<\/div><div class=\"pod-posts\">\r\n\t\r\n\t<div class=\"novost-fr\">\r\n\t\t<div class=\"pod-image\"><a href=\"https:\/\/tzosvetanedelja.hr\/en\/novost\/javni-natjecaj-za-izbor-i-imenovanje-direktora-ice-tzo-sveta-nedelja\/\"><img width=\"768\" height=\"511\" src=\"https:\/\/tzosvetanedelja.hr\/wp-content\/uploads\/2022\/09\/Nedescina-2-768x511.jpg\" class=\"attachment-medium_large size-medium_large\" alt=\"\" loading=\"lazy\" srcset=\"https:\/\/tzosvetanedelja.hr\/wp-content\/uploads\/2022\/09\/Nedescina-2-768x511.jpg 768w, https:\/\/tzosvetanedelja.hr\/wp-content\/uploads\/2022\/09\/Nedescina-2-1000x666.jpg 1000w, https:\/\/tzosvetanedelja.hr\/wp-content\/uploads\/2022\/09\/Nedescina-2-1536x1023.jpg 1536w, https:\/\/tzosvetanedelja.hr\/wp-content\/uploads\/2022\/09\/Nedescina-2-700x466.jpg 700w, https:\/\/tzosvetanedelja.hr\/wp-content\/uploads\/2022\/09\/Nedescina-2-1100x732.jpg 1100w, https:\/\/tzosvetanedelja.hr\/wp-content\/uploads\/2022\/09\/Nedescina-2.jpg 1774w\" sizes=\"(max-width: 768px) 100vw, 768px\" \/><\/a><\/div>\r\n\t<\/div>\r\n\t\r\n\t<div class=\"novost-sr\">\t\r\n\t\t<p class=\"small\">Objavljeno: 01.04.2026.<\/p>\r\n\t\t<h3><a href=\"https:\/\/tzosvetanedelja.hr\/en\/novost\/javni-natjecaj-za-izbor-i-imenovanje-direktora-ice-tzo-sveta-nedelja\/\">Javni natje\u010daj za izbor i imenovanje direktora\/ice TZO Sveta Nedelja<\/a><\/h3>\r\n\t<\/div>\r\n<\/div>\n\n\t\t<\/div> \n\t<\/div> <\/div><\/div><\/div><\/div><\/div><\/div><\/div><\/div><\/div><div class=\"wpb_column vc_column_container vc_col-sm-12\"><div class=\"vc_column-inner\"><div class=\"wpb_wrapper\">\t<div class=\"evc-button-wrapper evc-btn-center\">\n<a class=\"evc-button evc-shortcode  evc-btn-solid evc-btn-large\" href=\"https:\/\/tzosvetanedelja.hr\/en\/novosti\/\" title=\"News\"  >\n\t\t<span class=\"evc-btn-text\">All news<\/span>\n<\/a>\n\t<\/div>\n<\/div><\/div><\/div><\/div><\/div><\/div><div     class=\"vc_row wpb_row section vc_row-fluid  grid_section\" style=' padding-top:70px; text-align:center;'><div class=\"section_inner clearfix\"><div class='section_inner_margin clearfix'><div class=\"wpb_column vc_column_container vc_col-sm-2\"><div class=\"vc_column-inner\"><div class=\"wpb_wrapper\"><\/div><\/div><\/div><div class=\"wpb_column vc_column_container vc_col-sm-8\"><div class=\"vc_column-inner\"><div class=\"wpb_wrapper\">\n\t<div class=\"wpb_text_column wpb_content_element\">\n\t\t<div class=\"wpb_wrapper\">\n\t\t\t<h2>Dubrova Sculpture Park<\/h2>\n<p><span class=\"lead\">One of the most beautiful Croatian sculpture parks offers unique moments of art and nature in an open gallery, covering an area of 33 hectares, partially surrounded by dry stone walls, with natural basins and rich and diverse Mediterranean flora.<\/span><\/p>\n<p>The park was created artists\u2019 work of artists through the Mediterranean Sculpture Symposium, a manifestation of international importance, during which an impressive collection of sculptures in Istrian stone is being supplemented since the 1970s. Stone, being one of the most durable materials and a ubiquitous element of the Mediterranean Sculpture Symposium, has become one of the symbols of Labin. Since the 1970s, almost a hundred recognized sculptors from all over the world participated in the symposium, leaving behind tangible results of their creative ideas.<\/p>\n\n\t\t<\/div> \n\t<\/div> <\/div><\/div><\/div><div class=\"wpb_column vc_column_container vc_col-sm-2\"><div class=\"vc_column-inner\"><div class=\"wpb_wrapper\"><\/div><\/div><\/div><\/div><\/div><\/div><div     class=\"vc_row wpb_row section vc_row-fluid  grid_section\" style=' padding-top:70px; padding-bottom:70px; text-align:center;'><div class=\"section_inner clearfix\"><div class='section_inner_margin clearfix'><div class=\"wpb_column vc_column_container vc_col-sm-12\"><div class=\"vc_column-inner\"><div class=\"wpb_wrapper\"><div class=\"evc-gallery-block evc-shortcode  evc-gb-featured-left evc-no-space\">\n\t<div class=\"evc-gb-wrapper evc-element-wrapper\">\n\t\t\t\t\t<div class=\"evc-gb-image-wrapper evc-element-item evc-gb-featured-image\">\n\t\t\t\t<div class=\"evc-gb-image evc-ib-lightbox\">\n\t\t\t\t\t\t\t\t\t\t\n\t\t\t\t\t\t\t\t\t\t\t<a class=\"evc-gb-lightbox\" href=\"https:\/\/tzosvetanedelja.hr\/wp-content\/uploads\/2020\/03\/park_5.jpg\" data-lightbox=\"evc-gb-lb-9209\" data-title=\"park_5\">\n\t\t\t\t\t\t\t\t\t\t\n\t\t\t\t\t<img width=\"1024\" height=\"682\" src=\"https:\/\/tzosvetanedelja.hr\/wp-content\/uploads\/2020\/03\/park_5.jpg\" class=\"attachment-full size-full\" alt=\"\" loading=\"lazy\" srcset=\"https:\/\/tzosvetanedelja.hr\/wp-content\/uploads\/2020\/03\/park_5.jpg 1024w, https:\/\/tzosvetanedelja.hr\/wp-content\/uploads\/2020\/03\/park_5-1000x666.jpg 1000w, https:\/\/tzosvetanedelja.hr\/wp-content\/uploads\/2020\/03\/park_5-768x512.jpg 768w, https:\/\/tzosvetanedelja.hr\/wp-content\/uploads\/2020\/03\/park_5-700x466.jpg 700w, https:\/\/tzosvetanedelja.hr\/wp-content\/uploads\/2020\/03\/park_5-300x200.jpg 300w\" sizes=\"(max-width: 1024px) 100vw, 1024px\" \/>\t\t\t\t\t\n\t\t\t\t\t\t\t\t\t\t\t<\/a>\n\t\t\t\t\t\t\t\t\t<\/div>\n\t\t\t<\/div>\n\t\t\t\t\t<div class=\"evc-gb-image-wrapper evc-element-item\">\n\t\t\t\t<div class=\"evc-gb-image evc-ib-lightbox\">\n\t\t\t\t\t\t\t\t\t\t\n\t\t\t\t\t\t\t\t\t\t\t<a class=\"evc-gb-lightbox\" href=\"https:\/\/tzosvetanedelja.hr\/wp-content\/uploads\/2020\/03\/park_2.jpg\" data-lightbox=\"evc-gb-lb-9209\" data-title=\"park_2\">\n\t\t\t\t\t\t\t\t\t\t\n\t\t\t\t\t<img width=\"1000\" height=\"666\" src=\"https:\/\/tzosvetanedelja.hr\/wp-content\/uploads\/2020\/03\/park_2-1000x666.jpg\" class=\"attachment-medium size-medium\" alt=\"\" loading=\"lazy\" srcset=\"https:\/\/tzosvetanedelja.hr\/wp-content\/uploads\/2020\/03\/park_2-1000x666.jpg 1000w, https:\/\/tzosvetanedelja.hr\/wp-content\/uploads\/2020\/03\/park_2-768x512.jpg 768w, https:\/\/tzosvetanedelja.hr\/wp-content\/uploads\/2020\/03\/park_2-700x466.jpg 700w, https:\/\/tzosvetanedelja.hr\/wp-content\/uploads\/2020\/03\/park_2-300x200.jpg 300w, https:\/\/tzosvetanedelja.hr\/wp-content\/uploads\/2020\/03\/park_2.jpg 1024w\" sizes=\"(max-width: 1000px) 100vw, 1000px\" \/>\t\t\t\t\t\n\t\t\t\t\t\t\t\t\t\t\t<\/a>\n\t\t\t\t\t\t\t\t\t<\/div>\n\t\t\t<\/div>\n\t\t\t\t\t<div class=\"evc-gb-image-wrapper evc-element-item\">\n\t\t\t\t<div class=\"evc-gb-image evc-ib-lightbox\">\n\t\t\t\t\t\t\t\t\t\t\n\t\t\t\t\t\t\t\t\t\t\t<a class=\"evc-gb-lightbox\" href=\"https:\/\/tzosvetanedelja.hr\/wp-content\/uploads\/2020\/03\/park_3.jpg\" data-lightbox=\"evc-gb-lb-9209\" data-title=\"park_3\">\n\t\t\t\t\t\t\t\t\t\t\n\t\t\t\t\t<img width=\"1000\" height=\"666\" src=\"https:\/\/tzosvetanedelja.hr\/wp-content\/uploads\/2020\/03\/park_3-1000x666.jpg\" class=\"attachment-medium size-medium\" alt=\"\" loading=\"lazy\" srcset=\"https:\/\/tzosvetanedelja.hr\/wp-content\/uploads\/2020\/03\/park_3-1000x666.jpg 1000w, https:\/\/tzosvetanedelja.hr\/wp-content\/uploads\/2020\/03\/park_3-768x512.jpg 768w, https:\/\/tzosvetanedelja.hr\/wp-content\/uploads\/2020\/03\/park_3-700x466.jpg 700w, https:\/\/tzosvetanedelja.hr\/wp-content\/uploads\/2020\/03\/park_3-300x200.jpg 300w, https:\/\/tzosvetanedelja.hr\/wp-content\/uploads\/2020\/03\/park_3.jpg 1024w\" sizes=\"(max-width: 1000px) 100vw, 1000px\" \/>\t\t\t\t\t\n\t\t\t\t\t\t\t\t\t\t\t<\/a>\n\t\t\t\t\t\t\t\t\t<\/div>\n\t\t\t<\/div>\n\t\t\t\t\t<div class=\"evc-gb-image-wrapper evc-element-item\">\n\t\t\t\t<div class=\"evc-gb-image evc-ib-lightbox\">\n\t\t\t\t\t\t\t\t\t\t\n\t\t\t\t\t\t\t\t\t\t\t<a class=\"evc-gb-lightbox\" href=\"https:\/\/tzosvetanedelja.hr\/wp-content\/uploads\/2020\/03\/park_4.jpg\" data-lightbox=\"evc-gb-lb-9209\" data-title=\"park_4\">\n\t\t\t\t\t\t\t\t\t\t\n\t\t\t\t\t<img width=\"1000\" height=\"666\" src=\"https:\/\/tzosvetanedelja.hr\/wp-content\/uploads\/2020\/03\/park_4-1000x666.jpg\" class=\"attachment-medium size-medium\" alt=\"\" loading=\"lazy\" srcset=\"https:\/\/tzosvetanedelja.hr\/wp-content\/uploads\/2020\/03\/park_4-1000x666.jpg 1000w, https:\/\/tzosvetanedelja.hr\/wp-content\/uploads\/2020\/03\/park_4-768x512.jpg 768w, https:\/\/tzosvetanedelja.hr\/wp-content\/uploads\/2020\/03\/park_4-700x466.jpg 700w, https:\/\/tzosvetanedelja.hr\/wp-content\/uploads\/2020\/03\/park_4-300x200.jpg 300w, https:\/\/tzosvetanedelja.hr\/wp-content\/uploads\/2020\/03\/park_4.jpg 1024w\" sizes=\"(max-width: 1000px) 100vw, 1000px\" \/>\t\t\t\t\t\n\t\t\t\t\t\t\t\t\t\t\t<\/a>\n\t\t\t\t\t\t\t\t\t<\/div>\n\t\t\t<\/div>\n\t\t\t\t\t<div class=\"evc-gb-image-wrapper evc-element-item\">\n\t\t\t\t<div class=\"evc-gb-image evc-ib-lightbox\">\n\t\t\t\t\t\t\t\t\t\t\n\t\t\t\t\t\t\t\t\t\t\t<a class=\"evc-gb-lightbox\" href=\"https:\/\/tzosvetanedelja.hr\/wp-content\/uploads\/2020\/03\/park_7.jpg\" data-lightbox=\"evc-gb-lb-9209\" data-title=\"park_7\">\n\t\t\t\t\t\t\t\t\t\t\n\t\t\t\t\t<img width=\"1000\" height=\"667\" src=\"https:\/\/tzosvetanedelja.hr\/wp-content\/uploads\/2020\/03\/park_7-1000x667.jpg\" class=\"attachment-medium size-medium\" alt=\"\" loading=\"lazy\" srcset=\"https:\/\/tzosvetanedelja.hr\/wp-content\/uploads\/2020\/03\/park_7-1000x667.jpg 1000w, https:\/\/tzosvetanedelja.hr\/wp-content\/uploads\/2020\/03\/park_7-768x512.jpg 768w, https:\/\/tzosvetanedelja.hr\/wp-content\/uploads\/2020\/03\/park_7-1536x1024.jpg 1536w, https:\/\/tzosvetanedelja.hr\/wp-content\/uploads\/2020\/03\/park_7-700x467.jpg 700w, https:\/\/tzosvetanedelja.hr\/wp-content\/uploads\/2020\/03\/park_7-1100x733.jpg 1100w, https:\/\/tzosvetanedelja.hr\/wp-content\/uploads\/2020\/03\/park_7-300x200.jpg 300w, https:\/\/tzosvetanedelja.hr\/wp-content\/uploads\/2020\/03\/park_7-1024x683.jpg 1024w, https:\/\/tzosvetanedelja.hr\/wp-content\/uploads\/2020\/03\/park_7.jpg 1920w\" sizes=\"(max-width: 1000px) 100vw, 1000px\" \/>\t\t\t\t\t\n\t\t\t\t\t\t\t\t\t\t\t<\/a>\n\t\t\t\t\t\t\t\t\t<\/div>\n\t\t\t<\/div>\n\t\t\t<\/div>\n<\/div>\n<\/div><\/div><\/div><\/div><\/div><\/div><div     class=\"vc_row wpb_row section vc_row-fluid novosti-section grid_section\" style='background-color:#f7f7f7; padding-top:70px; padding-bottom:70px; text-align:left;'><div class=\"section_inner clearfix\"><div class='section_inner_margin clearfix'><div class=\"wpb_column vc_column_container vc_col-sm-12\"><div class=\"vc_column-inner\"><div class=\"wpb_wrapper\">\n\t<div class=\"wpb_text_column wpb_content_element\">\n\t\t<div class=\"wpb_wrapper\">\n\t\t\t<h3>Events<\/h3>\n\n\t\t<\/div> \n\t<\/div> <div class=\"vc_empty_space\"   style=\"height: 30px\"><span class=\"vc_empty_space_inner\"><\/span><\/div><div     class=\"vc_row wpb_row vc_inner section vc_row-fluid novosti-bcg grid_section\" style=' text-align:left;'><div class=\"section_inner clearfix\"><div class='section_inner_margin clearfix'><div class=\"wpb_column vc_column_container vc_col-sm-12\"><div class=\"vc_column-inner\"><div class=\"wpb_wrapper\">\n\t<div class=\"wpb_text_column wpb_content_element\">\n\t\t<div class=\"wpb_wrapper\">\n\t\t\t<div class=\"pod-posts\">\r\n\t\r\n\t<div class=\"novost-fr\">\r\n\t\t<div class=\"pod-image\"><a href=\"https:\/\/tzosvetanedelja.hr\/en\/dogadaj\/uskrsnji-ponedjeljak-na-dubrovi\/\"><img width=\"768\" height=\"432\" src=\"https:\/\/tzosvetanedelja.hr\/wp-content\/uploads\/2026\/03\/Uskrsni-ponedjeljak-na-dubrovi-768x432.jpg\" class=\"attachment-medium_large size-medium_large\" alt=\"\" loading=\"lazy\" srcset=\"https:\/\/tzosvetanedelja.hr\/wp-content\/uploads\/2026\/03\/Uskrsni-ponedjeljak-na-dubrovi-768x432.jpg 768w, https:\/\/tzosvetanedelja.hr\/wp-content\/uploads\/2026\/03\/Uskrsni-ponedjeljak-na-dubrovi-1000x563.jpg 1000w, https:\/\/tzosvetanedelja.hr\/wp-content\/uploads\/2026\/03\/Uskrsni-ponedjeljak-na-dubrovi-1536x864.jpg 1536w, https:\/\/tzosvetanedelja.hr\/wp-content\/uploads\/2026\/03\/Uskrsni-ponedjeljak-na-dubrovi-18x10.jpg 18w, https:\/\/tzosvetanedelja.hr\/wp-content\/uploads\/2026\/03\/Uskrsni-ponedjeljak-na-dubrovi-700x394.jpg 700w, https:\/\/tzosvetanedelja.hr\/wp-content\/uploads\/2026\/03\/Uskrsni-ponedjeljak-na-dubrovi-1100x619.jpg 1100w, https:\/\/tzosvetanedelja.hr\/wp-content\/uploads\/2026\/03\/Uskrsni-ponedjeljak-na-dubrovi.jpg 1920w\" sizes=\"(max-width: 768px) 100vw, 768px\" \/><\/a><\/div>\r\n\t<\/div>\r\n\t\r\n\t<div class=\"novost-sr\">\t\r\n\t\t<p class=\"small\"><strong>Park Skulptura Dubrova<\/strong><br>ponedjeljak, 6.4.2026.<\/p>\r\n\t\t<h3><a href=\"https:\/\/tzosvetanedelja.hr\/en\/dogadaj\/uskrsnji-ponedjeljak-na-dubrovi\/\">Uskr\u0161nji ponedjeljak na Dubrovi<\/a><\/h3>\r\n\t<\/div>\r\n<\/div><div class=\"pod-posts\">\r\n\t\r\n\t<div class=\"novost-fr\">\r\n\t\t<div class=\"pod-image\"><a href=\"https:\/\/tzosvetanedelja.hr\/en\/dogadaj\/1012808\/\"><img width=\"768\" height=\"432\" src=\"https:\/\/tzosvetanedelja.hr\/wp-content\/uploads\/2026\/03\/vinska-768x432.png\" class=\"attachment-medium_large size-medium_large\" alt=\"\" loading=\"lazy\" srcset=\"https:\/\/tzosvetanedelja.hr\/wp-content\/uploads\/2026\/03\/vinska-768x432.png 768w, https:\/\/tzosvetanedelja.hr\/wp-content\/uploads\/2026\/03\/vinska-1000x563.png 1000w, https:\/\/tzosvetanedelja.hr\/wp-content\/uploads\/2026\/03\/vinska-1536x864.png 1536w, https:\/\/tzosvetanedelja.hr\/wp-content\/uploads\/2026\/03\/vinska-18x10.png 18w, https:\/\/tzosvetanedelja.hr\/wp-content\/uploads\/2026\/03\/vinska-700x394.png 700w, https:\/\/tzosvetanedelja.hr\/wp-content\/uploads\/2026\/03\/vinska-1100x619.png 1100w, https:\/\/tzosvetanedelja.hr\/wp-content\/uploads\/2026\/03\/vinska.png 1920w\" sizes=\"(max-width: 768px) 100vw, 768px\" \/><\/a><\/div>\r\n\t<\/div>\r\n\t\r\n\t<div class=\"novost-sr\">\t\r\n\t\t<p class=\"small\"><strong>Nede\u0161\u0107ina<\/strong><br>subota, 3. 5. 2026.<\/p>\r\n\t\t<h3><a href=\"https:\/\/tzosvetanedelja.hr\/en\/dogadaj\/1012808\/\">Vinska \u0161etnja Svetom Nedeljom<\/a><\/h3>\r\n\t<\/div>\r\n<\/div><div class=\"pod-posts\">\r\n\t\r\n\t<div class=\"novost-fr\">\r\n\t\t<div class=\"pod-image\"><a href=\"https:\/\/tzosvetanedelja.hr\/en\/dogadaj\/homo-subotu-na-sparuge-dani-sparuga-svete-nedelje\/\"><img width=\"768\" height=\"402\" src=\"https:\/\/tzosvetanedelja.hr\/wp-content\/uploads\/2026\/03\/FB-event-cover-1920x1005px_02-768x402.jpg\" class=\"attachment-medium_large size-medium_large\" alt=\"\" loading=\"lazy\" srcset=\"https:\/\/tzosvetanedelja.hr\/wp-content\/uploads\/2026\/03\/FB-event-cover-1920x1005px_02-768x402.jpg 768w, https:\/\/tzosvetanedelja.hr\/wp-content\/uploads\/2026\/03\/FB-event-cover-1920x1005px_02-1000x523.jpg 1000w, https:\/\/tzosvetanedelja.hr\/wp-content\/uploads\/2026\/03\/FB-event-cover-1920x1005px_02-1536x804.jpg 1536w, https:\/\/tzosvetanedelja.hr\/wp-content\/uploads\/2026\/03\/FB-event-cover-1920x1005px_02-18x9.jpg 18w, https:\/\/tzosvetanedelja.hr\/wp-content\/uploads\/2026\/03\/FB-event-cover-1920x1005px_02-700x366.jpg 700w, https:\/\/tzosvetanedelja.hr\/wp-content\/uploads\/2026\/03\/FB-event-cover-1920x1005px_02-1100x576.jpg 1100w, https:\/\/tzosvetanedelja.hr\/wp-content\/uploads\/2026\/03\/FB-event-cover-1920x1005px_02.jpg 1920w\" sizes=\"(max-width: 768px) 100vw, 768px\" \/><\/a><\/div>\r\n\t<\/div>\r\n\t\r\n\t<div class=\"novost-sr\">\t\r\n\t\t<p class=\"small\"><strong>Agroturizmi Svete Nedelje<\/strong><br>11., 18. i 25. travnja 2026.<\/p>\r\n\t\t<h3><a href=\"https:\/\/tzosvetanedelja.hr\/en\/dogadaj\/homo-subotu-na-sparuge-dani-sparuga-svete-nedelje\/\">Homo subotu na \u0161paruge \u2013 Dani \u0161paruga Svete Nedelje<\/a><\/h3>\r\n\t<\/div>\r\n<\/div>\n\n\t\t<\/div> \n\t<\/div> <\/div><\/div><\/div><\/div><\/div><\/div><\/div><\/div><\/div><div class=\"wpb_column vc_column_container vc_col-sm-12\"><div class=\"vc_column-inner\"><div class=\"wpb_wrapper\">\t<div class=\"evc-button-wrapper evc-btn-center\">\n<a class=\"evc-button evc-shortcode  evc-btn-solid evc-btn-large\" href=\"https:\/\/tzosvetanedelja.hr\/en\/dogadanja\/\" title=\"Events\"  >\n\t\t<span class=\"evc-btn-text\">All events<\/span>\n<\/a>\n\t<\/div>\n<\/div><\/div><\/div><\/div><\/div><\/div><div     class=\"vc_row wpb_row section vc_row-fluid  grid_section\" style=' padding-top:70px; text-align:center;'><div class=\"section_inner clearfix\"><div class='section_inner_margin clearfix'><div class=\"wpb_column vc_column_container vc_col-sm-2\"><div class=\"vc_column-inner\"><div class=\"wpb_wrapper\"><\/div><\/div><\/div><div class=\"wpb_column vc_column_container vc_col-sm-8\"><div class=\"vc_column-inner\"><div class=\"wpb_wrapper\">\n\t<div class=\"wpb_text_column wpb_content_element  title-grey\">\n\t\t<div class=\"wpb_wrapper\">\n\t\t\t<h2>Istra\u017eite kulturno-povijesnu ba\u0161tinu op\u0107ine Sveta Nedelja<\/h2>\n\n\t\t<\/div> \n\t<\/div> <\/div><\/div><\/div><div class=\"wpb_column vc_column_container vc_col-sm-2\"><div class=\"vc_column-inner\"><div class=\"wpb_wrapper\"><\/div><\/div><\/div><\/div><\/div><\/div><div     class=\"vc_row wpb_row section vc_row-fluid  grid_section\" style=' padding-top:70px; padding-bottom:70px; text-align:center;'><div class=\"section_inner clearfix\"><div class='section_inner_margin clearfix'><div class=\"wpb_column vc_column_container vc_col-sm-12\"><div class=\"vc_column-inner\"><div class=\"wpb_wrapper\"><div class='projects_holder_outer v3 portfolio_no_space portfolio_standard  qode-filter-position-top'>\n\t\t\n\t<div class='projects_holder clearfix v3 standard_no_space portfolio_landscape_image'>\n\t\t<article class=\"mix portfolio_category_130\">\n    <div class='image_holder default_hover'>\n\t\t\n<span class='image'><img width=\"800\" height=\"600\" src=\"https:\/\/tzosvetanedelja.hr\/wp-content\/uploads\/2013\/10\/sveta-nedelja-klima-800x600.jpg\" class=\"attachment-portfolio-landscape size-portfolio-landscape wp-post-image\" alt=\"\" loading=\"lazy\" \/><\/span>\n                    <a class='portfolio_link_class' href='https:\/\/tzosvetanedelja.hr\/en\/opcina\/klima\/' target='_self'><\/a>\n\t\t\n        <div class=\"portfolio_shader\"><\/div>\n\t\t<div class=\"icons_holder\">\n\t<div class=\"icons_holder_inner\">\n\t\t\t\t\t<a class='portfolio_lightbox' title='Naslovna' href='https:\/\/tzosvetanedelja.hr\/wp-content\/uploads\/2013\/10\/sveta-nedelja-klima.jpg' data-rel='prettyPhoto[pretty_photo_gallery]'><\/a>\n\t\t\t\t\t<\/div>\n<\/div>\n    <\/div>\n\n    <div class='portfolio_description' >\n\t\t    <h4 class=\"portfolio_title\" ><a href=\"https:\/\/tzosvetanedelja.hr\/en\/opcina\/klima\/\" target=\"_self\"> Climate<\/a><\/h4>\n<h6 class=\"portfolio_subtitle\"> <\/h6>    <\/div>\n\n<\/article><article class=\"mix portfolio_category_130\">\n    <div class='image_holder default_hover'>\n\t\t\n<span class='image'><img width=\"800\" height=\"600\" src=\"https:\/\/tzosvetanedelja.hr\/wp-content\/uploads\/2013\/10\/LANDING_PAGE_GIF_1400x900px_tmp-3-800x600.jpg\" class=\"attachment-portfolio-landscape size-portfolio-landscape wp-post-image\" alt=\"\" loading=\"lazy\" \/><\/span>\n                    <a class='portfolio_link_class' href='https:\/\/tzosvetanedelja.hr\/en\/opcina\/kultura\/' target='_self'><\/a>\n\t\t\n        <div class=\"portfolio_shader\"><\/div>\n\t\t<div class=\"icons_holder\">\n\t<div class=\"icons_holder_inner\">\n\t\t\t\t\t<a class='portfolio_lightbox' title='Naslovna' href='https:\/\/tzosvetanedelja.hr\/wp-content\/uploads\/2013\/10\/LANDING_PAGE_GIF_1400x900px_tmp-3.jpg' data-rel='prettyPhoto[pretty_photo_gallery]'><\/a>\n\t\t\t\t\t<\/div>\n<\/div>\n    <\/div>\n\n    <div class='portfolio_description' >\n\t\t    <h4 class=\"portfolio_title\" ><a href=\"https:\/\/tzosvetanedelja.hr\/en\/opcina\/kultura\/\" target=\"_self\"> Culture<\/a><\/h4>\n<h6 class=\"portfolio_subtitle\"> <\/h6>    <\/div>\n\n<\/article><article class=\"mix portfolio_category_130\">\n    <div class='image_holder default_hover'>\n\t\t\n<span class='image'><img width=\"800\" height=\"600\" src=\"https:\/\/tzosvetanedelja.hr\/wp-content\/uploads\/2013\/10\/sveta-nedelja-gastronomija-800x600.jpg\" class=\"attachment-portfolio-landscape size-portfolio-landscape wp-post-image\" alt=\"\" loading=\"lazy\" \/><\/span>\n                    <a class='portfolio_link_class' href='https:\/\/tzosvetanedelja.hr\/en\/opcina\/gastronomija\/' target='_self'><\/a>\n\t\t\n        <div class=\"portfolio_shader\"><\/div>\n\t\t<div class=\"icons_holder\">\n\t<div class=\"icons_holder_inner\">\n\t\t\t\t\t<a class='portfolio_lightbox' title='Naslovna' href='https:\/\/tzosvetanedelja.hr\/wp-content\/uploads\/2013\/10\/sveta-nedelja-gastronomija.jpg' data-rel='prettyPhoto[pretty_photo_gallery]'><\/a>\n\t\t\t\t\t<\/div>\n<\/div>\n    <\/div>\n\n    <div class='portfolio_description' >\n\t\t    <h4 class=\"portfolio_title\" ><a href=\"https:\/\/tzosvetanedelja.hr\/en\/opcina\/gastronomija\/\" target=\"_self\"> Gastronomy<\/a><\/h4>\n<h6 class=\"portfolio_subtitle\"> <\/h6>    <\/div>\n\n<\/article><article class=\"mix portfolio_category_130\">\n    <div class='image_holder default_hover'>\n\t\t\n<span class='image'><img width=\"800\" height=\"600\" src=\"https:\/\/tzosvetanedelja.hr\/wp-content\/uploads\/2013\/10\/sveta-nedelja-geografksi-polozaj-800x600.jpg\" class=\"attachment-portfolio-landscape size-portfolio-landscape wp-post-image\" alt=\"\" loading=\"lazy\" \/><\/span>\n                    <a class='portfolio_link_class' href='https:\/\/tzosvetanedelja.hr\/en\/opcina\/geografski-polozaj\/' target='_self'><\/a>\n\t\t\n        <div class=\"portfolio_shader\"><\/div>\n\t\t<div class=\"icons_holder\">\n\t<div class=\"icons_holder_inner\">\n\t\t\t\t\t<a class='portfolio_lightbox' title='Naslovna' href='https:\/\/tzosvetanedelja.hr\/wp-content\/uploads\/2013\/10\/sveta-nedelja-geografksi-polozaj.jpg' data-rel='prettyPhoto[pretty_photo_gallery]'><\/a>\n\t\t\t\t\t<\/div>\n<\/div>\n    <\/div>\n\n    <div class='portfolio_description' >\n\t\t    <h4 class=\"portfolio_title\" ><a href=\"https:\/\/tzosvetanedelja.hr\/en\/opcina\/geografski-polozaj\/\" target=\"_self\"> Geographical location<\/a><\/h4>\n<h6 class=\"portfolio_subtitle\"> <\/h6>    <\/div>\n\n<\/article><article class=\"mix portfolio_category_130\">\n    <div class='image_holder default_hover'>\n\t\t\n<span class='image'><img width=\"800\" height=\"600\" src=\"https:\/\/tzosvetanedelja.hr\/wp-content\/uploads\/2013\/10\/sveta-nedelja-vegetacija-800x600.jpg\" class=\"attachment-portfolio-landscape size-portfolio-landscape wp-post-image\" alt=\"\" loading=\"lazy\" \/><\/span>\n                    <a class='portfolio_link_class' href='https:\/\/tzosvetanedelja.hr\/en\/opcina\/vegetacija\/' target='_self'><\/a>\n\t\t\n        <div class=\"portfolio_shader\"><\/div>\n\t\t<div class=\"icons_holder\">\n\t<div class=\"icons_holder_inner\">\n\t\t\t\t\t<a class='portfolio_lightbox' title='Naslovna' href='https:\/\/tzosvetanedelja.hr\/wp-content\/uploads\/2013\/10\/sveta-nedelja-vegetacija.jpg' data-rel='prettyPhoto[pretty_photo_gallery]'><\/a>\n\t\t\t\t\t<\/div>\n<\/div>\n    <\/div>\n\n    <div class='portfolio_description' >\n\t\t    <h4 class=\"portfolio_title\" ><a href=\"https:\/\/tzosvetanedelja.hr\/en\/opcina\/vegetacija\/\" target=\"_self\"> Vegetation<\/a><\/h4>\n<h6 class=\"portfolio_subtitle\"> <\/h6>    <\/div>\n\n<\/article><article class=\"mix portfolio_category_130\">\n    <div class='image_holder default_hover'>\n\t\t\n<span class='image'><img width=\"800\" height=\"600\" src=\"https:\/\/tzosvetanedelja.hr\/wp-content\/uploads\/2020\/03\/DJI_0611-800x600.jpg\" class=\"attachment-portfolio-landscape size-portfolio-landscape wp-post-image\" alt=\"\" loading=\"lazy\" \/><\/span>\n                    <a class='portfolio_link_class' href='https:\/\/tzosvetanedelja.hr\/en\/opcina\/povijest\/' target='_self'><\/a>\n\t\t\n        <div class=\"portfolio_shader\"><\/div>\n\t\t<div class=\"icons_holder\">\n\t<div class=\"icons_holder_inner\">\n\t\t\t\t\t<a class='portfolio_lightbox' title='Naslovna' href='https:\/\/tzosvetanedelja.hr\/wp-content\/uploads\/2020\/03\/DJI_0611.jpg' data-rel='prettyPhoto[pretty_photo_gallery]'><\/a>\n\t\t\t\t\t<\/div>\n<\/div>\n    <\/div>\n\n    <div class='portfolio_description' >\n\t\t    <h4 class=\"portfolio_title\" ><a href=\"https:\/\/tzosvetanedelja.hr\/en\/opcina\/povijest\/\" target=\"_self\"> History<\/a><\/h4>\n<h6 class=\"portfolio_subtitle\"> <\/h6>    <\/div>\n\n<\/article>\t\t\t\t\t<div class='filler'><\/div>\n\t\t\t\t\t\t\t\t\t<div class='filler'><\/div>\n\t\t\t\t\t\t\t\t\t<div class='filler'><\/div>\n\t\t\t\t\t<\/div>\n\t<\/div>\n<\/div><\/div><\/div><\/div><\/div><\/div><div     class=\"vc_row wpb_row section vc_row-fluid\" style=' text-align:left;'><div class=\"full_section_inner clearfix\"><div class=\"wpb_column vc_column_container vc_col-sm-12\"><div class=\"vc_column-inner\"><div class=\"wpb_wrapper\"><div class=\"wpb_gmaps_widget wpb_content_element\"><div class=\"wpb_wrapper\"><div class=\"wpb_map_wraper\"><iframe src=\"https:\/\/www.google.com\/maps\/embed?pb=!1m18!1m12!1m3!1d90064.46928061948!2d14.011075373782404!3d45.13616984564836!2m3!1f0!2f0!3f0!3m2!1i1024!2i768!4f13.1!3m3!1m2!1s0x47634c483f84ae03%3A0x400ad50862bd430!2sSveta%20Nedelja!5e0!3m2!1sen!2shr!4v1583243374031!5m2!1sen!2shr\" width=\"600\" height=\"450\" frameborder=\"0\" style=\"border:0;\" allowfullscreen=\"\"><\/iframe><\/div><\/div><\/div><\/div><\/div><\/div><\/div><\/div>","protected":false},"excerpt":{"rendered":"Povijest Istre pa tako i ovog kraja je duga i burna, \u0161to je lako za razumjeti obzirom na geografsku poziciju na raskri\u017eju sila koje su se nalazile isto\u010dno i zapadno od Istre te zbog blizine mora i trgova\u010dkih interesa koja su prepletena sa kontroliranjem morskih...","protected":false},"author":2,"featured_media":0,"parent":0,"menu_order":0,"comment_status":"open","ping_status":"closed","template":"full_width.php","meta":[],"_links":{"self":[{"href":"https:\/\/tzosvetanedelja.hr\/en\/wp-json\/wp\/v2\/pages\/1006716"}],"collection":[{"href":"https:\/\/tzosvetanedelja.hr\/en\/wp-json\/wp\/v2\/pages"}],"about":[{"href":"https:\/\/tzosvetanedelja.hr\/en\/wp-json\/wp\/v2\/types\/page"}],"author":[{"embeddable":true,"href":"https:\/\/tzosvetanedelja.hr\/en\/wp-json\/wp\/v2\/users\/2"}],"replies":[{"embeddable":true,"href":"https:\/\/tzosvetanedelja.hr\/en\/wp-json\/wp\/v2\/comments?post=1006716"}],"version-history":[{"count":1,"href":"https:\/\/tzosvetanedelja.hr\/en\/wp-json\/wp\/v2\/pages\/1006716\/revisions"}],"predecessor-version":[{"id":1006717,"href":"https:\/\/tzosvetanedelja.hr\/en\/wp-json\/wp\/v2\/pages\/1006716\/revisions\/1006717"}],"wp:attachment":[{"href":"https:\/\/tzosvetanedelja.hr\/en\/wp-json\/wp\/v2\/media?parent=1006716"}],"curies":[{"name":"wp","href":"https:\/\/api.w.org\/{rel}","templated":true}]}}