{"id":1006760,"date":"2020-11-12T12:08:40","date_gmt":"2020-11-12T11:08:40","guid":{"rendered":"https:\/\/tzosvetanedelja.hr\/?page_id=1006760"},"modified":"2022-03-16T06:36:22","modified_gmt":"2022-03-16T05:36:22","slug":"novosti","status":"publish","type":"page","link":"https:\/\/tzosvetanedelja.hr\/it\/novosti\/","title":{"rendered":"Notizie"},"content":{"rendered":"<div     class=\"vc_row wpb_row section vc_row-fluid equal-height-holder without-header vc_custom_1647330591701 grid_section\" style=' text-align:left;'><div class=\"section_inner clearfix\"><div class='section_inner_margin clearfix'><div class=\"wpb_column vc_column_container vc_col-sm-12\"><div class=\"vc_column-inner\"><div class=\"wpb_wrapper\">\n\t<div class=\"wpb_text_column wpb_content_element\">\n\t\t<div class=\"wpb_wrapper\">\n\t\t\t<h1 style=\"text-align: center;\">Notizie<\/h1>\n\n\t\t<\/div> \n\t<\/div> \n\t<div class=\"wpb_text_column wpb_content_element  novosti-block\">\n\t\t<div class=\"wpb_wrapper\">\n\t\t\t<div class=\"pod-posts\">\r\n\t\r\n\t<div class=\"novost-fr\">\r\n\t\t<div class=\"pod-image\"><a href=\"https:\/\/tzosvetanedelja.hr\/it\/novost\/krenule-su-prijave-za-6-vinsku-setnju-osigurajte-svoje-mjesto-na-najdrazoj-proljetnoj-ruti\/\"><img width=\"768\" height=\"512\" src=\"https:\/\/tzosvetanedelja.hr\/wp-content\/uploads\/2026\/04\/Vinska-setnja-2025-1-768x512.jpg\" class=\"attachment-medium_large size-medium_large\" alt=\"\" loading=\"lazy\" srcset=\"https:\/\/tzosvetanedelja.hr\/wp-content\/uploads\/2026\/04\/Vinska-setnja-2025-1-768x512.jpg 768w, https:\/\/tzosvetanedelja.hr\/wp-content\/uploads\/2026\/04\/Vinska-setnja-2025-1-1000x667.jpg 1000w, https:\/\/tzosvetanedelja.hr\/wp-content\/uploads\/2026\/04\/Vinska-setnja-2025-1-2000x1333.jpg 2000w, https:\/\/tzosvetanedelja.hr\/wp-content\/uploads\/2026\/04\/Vinska-setnja-2025-1-1536x1024.jpg 1536w, https:\/\/tzosvetanedelja.hr\/wp-content\/uploads\/2026\/04\/Vinska-setnja-2025-1-18x12.jpg 18w, https:\/\/tzosvetanedelja.hr\/wp-content\/uploads\/2026\/04\/Vinska-setnja-2025-1-700x467.jpg 700w, https:\/\/tzosvetanedelja.hr\/wp-content\/uploads\/2026\/04\/Vinska-setnja-2025-1-1100x733.jpg 1100w, https:\/\/tzosvetanedelja.hr\/wp-content\/uploads\/2026\/04\/Vinska-setnja-2025-1.jpg 2048w\" sizes=\"(max-width: 768px) 100vw, 768px\" \/><\/a><\/div>\r\n\t<\/div>\r\n\t\r\n\t<div class=\"novost-sr\">\t\r\n\t\t<p class=\"small\">Objavljeno: 15.04.2026.<\/p>\r\n\t\t<h3><a href=\"https:\/\/tzosvetanedelja.hr\/it\/novost\/krenule-su-prijave-za-6-vinsku-setnju-osigurajte-svoje-mjesto-na-najdrazoj-proljetnoj-ruti\/\">Krenule su prijave za 6. Vinsku \u0161etnju \u2013 Osigurajte svoje mjesto na najdra\u017eoj proljetnoj ruti!<\/a><\/h3>\r\n\t<\/div>\r\n<\/div><div class=\"pod-posts\">\r\n\t\r\n\t<div class=\"novost-fr\">\r\n\t\t<div class=\"pod-image\"><a href=\"https:\/\/tzosvetanedelja.hr\/it\/novost\/nova-ciklo-stanica-na-dubrovi\/\"><img width=\"768\" height=\"576\" src=\"https:\/\/tzosvetanedelja.hr\/wp-content\/uploads\/2026\/04\/0-02-05-058521288f8c48911388cb84c490d0e3d90c31d4fe23d2c3c54daed554487594_2139163fcd68c8e0-768x576.jpg\" class=\"attachment-medium_large size-medium_large\" alt=\"\" loading=\"lazy\" srcset=\"https:\/\/tzosvetanedelja.hr\/wp-content\/uploads\/2026\/04\/0-02-05-058521288f8c48911388cb84c490d0e3d90c31d4fe23d2c3c54daed554487594_2139163fcd68c8e0-768x576.jpg 768w, https:\/\/tzosvetanedelja.hr\/wp-content\/uploads\/2026\/04\/0-02-05-058521288f8c48911388cb84c490d0e3d90c31d4fe23d2c3c54daed554487594_2139163fcd68c8e0-1000x750.jpg 1000w, https:\/\/tzosvetanedelja.hr\/wp-content\/uploads\/2026\/04\/0-02-05-058521288f8c48911388cb84c490d0e3d90c31d4fe23d2c3c54daed554487594_2139163fcd68c8e0-1536x1152.jpg 1536w, https:\/\/tzosvetanedelja.hr\/wp-content\/uploads\/2026\/04\/0-02-05-058521288f8c48911388cb84c490d0e3d90c31d4fe23d2c3c54daed554487594_2139163fcd68c8e0-16x12.jpg 16w, https:\/\/tzosvetanedelja.hr\/wp-content\/uploads\/2026\/04\/0-02-05-058521288f8c48911388cb84c490d0e3d90c31d4fe23d2c3c54daed554487594_2139163fcd68c8e0-800x600.jpg 800w, https:\/\/tzosvetanedelja.hr\/wp-content\/uploads\/2026\/04\/0-02-05-058521288f8c48911388cb84c490d0e3d90c31d4fe23d2c3c54daed554487594_2139163fcd68c8e0-700x525.jpg 700w, https:\/\/tzosvetanedelja.hr\/wp-content\/uploads\/2026\/04\/0-02-05-058521288f8c48911388cb84c490d0e3d90c31d4fe23d2c3c54daed554487594_2139163fcd68c8e0-1100x825.jpg 1100w, https:\/\/tzosvetanedelja.hr\/wp-content\/uploads\/2026\/04\/0-02-05-058521288f8c48911388cb84c490d0e3d90c31d4fe23d2c3c54daed554487594_2139163fcd68c8e0.jpg 1600w\" sizes=\"(max-width: 768px) 100vw, 768px\" \/><\/a><\/div>\r\n\t<\/div>\r\n\t\r\n\t<div class=\"novost-sr\">\t\r\n\t\t<p class=\"small\">Objavljeno: 14.04.2026.<\/p>\r\n\t\t<h3><a href=\"https:\/\/tzosvetanedelja.hr\/it\/novost\/nova-ciklo-stanica-na-dubrovi\/\">Nova ciklo stanica na Dubrovi<\/a><\/h3>\r\n\t<\/div>\r\n<\/div><div class=\"pod-posts\">\r\n\t\r\n\t<div class=\"novost-fr\">\r\n\t\t<div class=\"pod-image\"><a href=\"https:\/\/tzosvetanedelja.hr\/it\/novost\/javni-natjecaj-za-izbor-i-imenovanje-direktora-ice-tzo-sveta-nedelja\/\"><img width=\"768\" height=\"511\" src=\"https:\/\/tzosvetanedelja.hr\/wp-content\/uploads\/2022\/09\/Nedescina-2-768x511.jpg\" class=\"attachment-medium_large size-medium_large\" alt=\"\" loading=\"lazy\" srcset=\"https:\/\/tzosvetanedelja.hr\/wp-content\/uploads\/2022\/09\/Nedescina-2-768x511.jpg 768w, https:\/\/tzosvetanedelja.hr\/wp-content\/uploads\/2022\/09\/Nedescina-2-1000x666.jpg 1000w, https:\/\/tzosvetanedelja.hr\/wp-content\/uploads\/2022\/09\/Nedescina-2-1536x1023.jpg 1536w, https:\/\/tzosvetanedelja.hr\/wp-content\/uploads\/2022\/09\/Nedescina-2-700x466.jpg 700w, https:\/\/tzosvetanedelja.hr\/wp-content\/uploads\/2022\/09\/Nedescina-2-1100x732.jpg 1100w, https:\/\/tzosvetanedelja.hr\/wp-content\/uploads\/2022\/09\/Nedescina-2.jpg 1774w\" sizes=\"(max-width: 768px) 100vw, 768px\" \/><\/a><\/div>\r\n\t<\/div>\r\n\t\r\n\t<div class=\"novost-sr\">\t\r\n\t\t<p class=\"small\">Objavljeno: 01.04.2026.<\/p>\r\n\t\t<h3><a href=\"https:\/\/tzosvetanedelja.hr\/it\/novost\/javni-natjecaj-za-izbor-i-imenovanje-direktora-ice-tzo-sveta-nedelja\/\">Javni natje\u010daj za izbor i imenovanje direktora\/ice TZO Sveta Nedelja<\/a><\/h3>\r\n\t<\/div>\r\n<\/div><div class=\"pod-posts\">\r\n\t\r\n\t<div class=\"novost-fr\">\r\n\t\t<div class=\"pod-image\"><a href=\"https:\/\/tzosvetanedelja.hr\/it\/novost\/1012850\/\"><img width=\"768\" height=\"402\" src=\"https:\/\/tzosvetanedelja.hr\/wp-content\/uploads\/2026\/03\/FB-event-cover-1920x1005px_02-768x402.jpg\" class=\"attachment-medium_large size-medium_large\" alt=\"\" loading=\"lazy\" srcset=\"https:\/\/tzosvetanedelja.hr\/wp-content\/uploads\/2026\/03\/FB-event-cover-1920x1005px_02-768x402.jpg 768w, https:\/\/tzosvetanedelja.hr\/wp-content\/uploads\/2026\/03\/FB-event-cover-1920x1005px_02-1000x523.jpg 1000w, https:\/\/tzosvetanedelja.hr\/wp-content\/uploads\/2026\/03\/FB-event-cover-1920x1005px_02-1536x804.jpg 1536w, https:\/\/tzosvetanedelja.hr\/wp-content\/uploads\/2026\/03\/FB-event-cover-1920x1005px_02-18x9.jpg 18w, https:\/\/tzosvetanedelja.hr\/wp-content\/uploads\/2026\/03\/FB-event-cover-1920x1005px_02-700x366.jpg 700w, https:\/\/tzosvetanedelja.hr\/wp-content\/uploads\/2026\/03\/FB-event-cover-1920x1005px_02-1100x576.jpg 1100w, https:\/\/tzosvetanedelja.hr\/wp-content\/uploads\/2026\/03\/FB-event-cover-1920x1005px_02.jpg 1920w\" sizes=\"(max-width: 768px) 100vw, 768px\" \/><\/a><\/div>\r\n\t<\/div>\r\n\t\r\n\t<div class=\"novost-sr\">\t\r\n\t\t<p class=\"small\">Objavljeno: 27.03.2026.<\/p>\r\n\t\t<h3><a href=\"https:\/\/tzosvetanedelja.hr\/it\/novost\/1012850\/\">\u201eHomo u subotu na \u0161paruge\u201c \u2013 Sveta Nedelja otvara proljetnu gastro sezonu uz autenti\u010dne okuse lokalnih agroturizama<\/a><\/h3>\r\n\t<\/div>\r\n<\/div><div class=\"pod-posts\">\r\n\t\r\n\t<div class=\"novost-fr\">\r\n\t\t<div class=\"pod-image\"><a href=\"https:\/\/tzosvetanedelja.hr\/it\/novost\/nedescina-u-pokretu-kako-je-bastina-josipa-belusica-ozivjela-viziju-buducnosti\/\"><img width=\"768\" height=\"512\" src=\"https:\/\/tzosvetanedelja.hr\/wp-content\/uploads\/2026\/03\/Konferencija-8-768x512.jpg\" class=\"attachment-medium_large size-medium_large\" alt=\"\" loading=\"lazy\" srcset=\"https:\/\/tzosvetanedelja.hr\/wp-content\/uploads\/2026\/03\/Konferencija-8-768x512.jpg 768w, https:\/\/tzosvetanedelja.hr\/wp-content\/uploads\/2026\/03\/Konferencija-8-1000x667.jpg 1000w, https:\/\/tzosvetanedelja.hr\/wp-content\/uploads\/2026\/03\/Konferencija-8-2000x1333.jpg 2000w, https:\/\/tzosvetanedelja.hr\/wp-content\/uploads\/2026\/03\/Konferencija-8-1536x1024.jpg 1536w, https:\/\/tzosvetanedelja.hr\/wp-content\/uploads\/2026\/03\/Konferencija-8-18x12.jpg 18w, https:\/\/tzosvetanedelja.hr\/wp-content\/uploads\/2026\/03\/Konferencija-8-700x467.jpg 700w, https:\/\/tzosvetanedelja.hr\/wp-content\/uploads\/2026\/03\/Konferencija-8-1100x733.jpg 1100w, https:\/\/tzosvetanedelja.hr\/wp-content\/uploads\/2026\/03\/Konferencija-8.jpg 2048w\" sizes=\"(max-width: 768px) 100vw, 768px\" \/><\/a><\/div>\r\n\t<\/div>\r\n\t\r\n\t<div class=\"novost-sr\">\t\r\n\t\t<p class=\"small\">Objavljeno: 18.03.2026.<\/p>\r\n\t\t<h3><a href=\"https:\/\/tzosvetanedelja.hr\/it\/novost\/nedescina-u-pokretu-kako-je-bastina-josipa-belusica-ozivjela-viziju-buducnosti\/\">Nede\u0161\u0107ina u pokretu: Kako je ba\u0161tina Josipa Belu\u0161i\u0107a o\u017eivjela viziju budu\u0107nosti<\/a><\/h3>\r\n\t<\/div>\r\n<\/div><div class=\"pod-posts\">\r\n\t\r\n\t<div class=\"novost-fr\">\r\n\t\t<div class=\"pod-image\"><a href=\"https:\/\/tzosvetanedelja.hr\/it\/novost\/besplatna-edukacija-ia-chatgpt\/\"><img width=\"768\" height=\"402\" src=\"https:\/\/tzosvetanedelja.hr\/wp-content\/uploads\/2026\/03\/Blue-Simple-Artificial-Intelligence-Facebook-Ads-1-768x402.jpg\" class=\"attachment-medium_large size-medium_large\" alt=\"\" loading=\"lazy\" srcset=\"https:\/\/tzosvetanedelja.hr\/wp-content\/uploads\/2026\/03\/Blue-Simple-Artificial-Intelligence-Facebook-Ads-1-768x402.jpg 768w, https:\/\/tzosvetanedelja.hr\/wp-content\/uploads\/2026\/03\/Blue-Simple-Artificial-Intelligence-Facebook-Ads-1-1000x523.jpg 1000w, https:\/\/tzosvetanedelja.hr\/wp-content\/uploads\/2026\/03\/Blue-Simple-Artificial-Intelligence-Facebook-Ads-1-18x9.jpg 18w, https:\/\/tzosvetanedelja.hr\/wp-content\/uploads\/2026\/03\/Blue-Simple-Artificial-Intelligence-Facebook-Ads-1-700x366.jpg 700w, https:\/\/tzosvetanedelja.hr\/wp-content\/uploads\/2026\/03\/Blue-Simple-Artificial-Intelligence-Facebook-Ads-1-1100x576.jpg 1100w, https:\/\/tzosvetanedelja.hr\/wp-content\/uploads\/2026\/03\/Blue-Simple-Artificial-Intelligence-Facebook-Ads-1.jpg 1200w\" sizes=\"(max-width: 768px) 100vw, 768px\" \/><\/a><\/div>\r\n\t<\/div>\r\n\t\r\n\t<div class=\"novost-sr\">\t\r\n\t\t<p class=\"small\">Objavljeno: 09.03.2026.<\/p>\r\n\t\t<h3><a href=\"https:\/\/tzosvetanedelja.hr\/it\/novost\/besplatna-edukacija-ia-chatgpt\/\">Besplatna edukacija IA (chatgpt)<\/a><\/h3>\r\n\t<\/div>\r\n<\/div><div class=\"pod-posts\">\r\n\t\r\n\t<div class=\"novost-fr\">\r\n\t\t<div class=\"pod-image\"><a href=\"https:\/\/tzosvetanedelja.hr\/it\/novost\/5-kongres-obiteljskog-smjestaja\/\"><img width=\"768\" height=\"370\" src=\"https:\/\/tzosvetanedelja.hr\/wp-content\/uploads\/2026\/01\/5.-kongres-obiteljskog-smjestaja-768x370.png\" class=\"attachment-medium_large size-medium_large\" alt=\"\" loading=\"lazy\" srcset=\"https:\/\/tzosvetanedelja.hr\/wp-content\/uploads\/2026\/01\/5.-kongres-obiteljskog-smjestaja-768x370.png 768w, https:\/\/tzosvetanedelja.hr\/wp-content\/uploads\/2026\/01\/5.-kongres-obiteljskog-smjestaja-1000x481.png 1000w, https:\/\/tzosvetanedelja.hr\/wp-content\/uploads\/2026\/01\/5.-kongres-obiteljskog-smjestaja-18x9.png 18w, https:\/\/tzosvetanedelja.hr\/wp-content\/uploads\/2026\/01\/5.-kongres-obiteljskog-smjestaja-700x337.png 700w, https:\/\/tzosvetanedelja.hr\/wp-content\/uploads\/2026\/01\/5.-kongres-obiteljskog-smjestaja-1100x530.png 1100w, https:\/\/tzosvetanedelja.hr\/wp-content\/uploads\/2026\/01\/5.-kongres-obiteljskog-smjestaja.png 1400w\" sizes=\"(max-width: 768px) 100vw, 768px\" \/><\/a><\/div>\r\n\t<\/div>\r\n\t\r\n\t<div class=\"novost-sr\">\t\r\n\t\t<p class=\"small\">Objavljeno: 29.01.2026.<\/p>\r\n\t\t<h3><a href=\"https:\/\/tzosvetanedelja.hr\/it\/novost\/5-kongres-obiteljskog-smjestaja\/\">5. Kongres obiteljskog smje\u0161taja<\/a><\/h3>\r\n\t<\/div>\r\n<\/div><div class=\"pod-posts\">\r\n\t\r\n\t<div class=\"novost-fr\">\r\n\t\t<div class=\"pod-image\"><a href=\"https:\/\/tzosvetanedelja.hr\/it\/novost\/podnosenje-obrasca-tz-2-za-turisticku-clanarinu\/\"><img width=\"768\" height=\"960\" src=\"https:\/\/tzosvetanedelja.hr\/wp-content\/uploads\/2026\/01\/610743676_1294536006033109_2269171119437200727_n-768x960.jpg\" class=\"attachment-medium_large size-medium_large\" alt=\"\" loading=\"lazy\" srcset=\"https:\/\/tzosvetanedelja.hr\/wp-content\/uploads\/2026\/01\/610743676_1294536006033109_2269171119437200727_n-768x960.jpg 768w, https:\/\/tzosvetanedelja.hr\/wp-content\/uploads\/2026\/01\/610743676_1294536006033109_2269171119437200727_n-800x1000.jpg 800w, https:\/\/tzosvetanedelja.hr\/wp-content\/uploads\/2026\/01\/610743676_1294536006033109_2269171119437200727_n-10x12.jpg 10w, https:\/\/tzosvetanedelja.hr\/wp-content\/uploads\/2026\/01\/610743676_1294536006033109_2269171119437200727_n-700x875.jpg 700w, https:\/\/tzosvetanedelja.hr\/wp-content\/uploads\/2026\/01\/610743676_1294536006033109_2269171119437200727_n.jpg 1080w\" sizes=\"(max-width: 768px) 100vw, 768px\" \/><\/a><\/div>\r\n\t<\/div>\r\n\t\r\n\t<div class=\"novost-sr\">\t\r\n\t\t<p class=\"small\">Objavljeno: 07.01.2026.<\/p>\r\n\t\t<h3><a href=\"https:\/\/tzosvetanedelja.hr\/it\/novost\/podnosenje-obrasca-tz-2-za-turisticku-clanarinu\/\">Podno\u0161enje Obrasca TZ 2 za turisti\u010dku \u010dlanarinu<\/a><\/h3>\r\n\t<\/div>\r\n<\/div><div class=\"pod-posts\">\r\n\t\r\n\t<div class=\"novost-fr\">\r\n\t\t<div class=\"pod-image\"><a href=\"https:\/\/tzosvetanedelja.hr\/it\/novost\/ove-subote-snjezni-kort-u-svetom-martinu\/\"><img width=\"768\" height=\"512\" src=\"https:\/\/tzosvetanedelja.hr\/wp-content\/uploads\/2025\/12\/Advent-Martinski-5-768x512.jpg\" class=\"attachment-medium_large size-medium_large\" alt=\"\" loading=\"lazy\" srcset=\"https:\/\/tzosvetanedelja.hr\/wp-content\/uploads\/2025\/12\/Advent-Martinski-5-768x512.jpg 768w, https:\/\/tzosvetanedelja.hr\/wp-content\/uploads\/2025\/12\/Advent-Martinski-5-1000x667.jpg 1000w, https:\/\/tzosvetanedelja.hr\/wp-content\/uploads\/2025\/12\/Advent-Martinski-5-2000x1333.jpg 2000w, https:\/\/tzosvetanedelja.hr\/wp-content\/uploads\/2025\/12\/Advent-Martinski-5-1536x1024.jpg 1536w, https:\/\/tzosvetanedelja.hr\/wp-content\/uploads\/2025\/12\/Advent-Martinski-5-18x12.jpg 18w, https:\/\/tzosvetanedelja.hr\/wp-content\/uploads\/2025\/12\/Advent-Martinski-5-700x467.jpg 700w, https:\/\/tzosvetanedelja.hr\/wp-content\/uploads\/2025\/12\/Advent-Martinski-5-1100x733.jpg 1100w, https:\/\/tzosvetanedelja.hr\/wp-content\/uploads\/2025\/12\/Advent-Martinski-5.jpg 2048w\" sizes=\"(max-width: 768px) 100vw, 768px\" \/><\/a><\/div>\r\n\t<\/div>\r\n\t\r\n\t<div class=\"novost-sr\">\t\r\n\t\t<p class=\"small\">Objavljeno: 10.12.2025.<\/p>\r\n\t\t<h3><a href=\"https:\/\/tzosvetanedelja.hr\/it\/novost\/ove-subote-snjezni-kort-u-svetom-martinu\/\">Ove subote Snje\u017eni kort u Svetom Martinu<\/a><\/h3>\r\n\t<\/div>\r\n<\/div><div class=\"pod-posts\">\r\n\t\r\n\t<div class=\"novost-fr\">\r\n\t\t<div class=\"pod-image\"><a href=\"https:\/\/tzosvetanedelja.hr\/it\/novost\/dubrova-dobila-pristupacni-turisticki-info-punkt-vazan-iskorak-prema-inkluzivnom-turizmu\/\"><img width=\"768\" height=\"576\" src=\"https:\/\/tzosvetanedelja.hr\/wp-content\/uploads\/2025\/12\/0-02-05-8b7f15dee8c2be4a4ecb4425bf8b7d6d19c405b2427e738005405b0fe695a741_7708c0722d9e4bba-768x576.jpg\" class=\"attachment-medium_large size-medium_large\" alt=\"\" loading=\"lazy\" srcset=\"https:\/\/tzosvetanedelja.hr\/wp-content\/uploads\/2025\/12\/0-02-05-8b7f15dee8c2be4a4ecb4425bf8b7d6d19c405b2427e738005405b0fe695a741_7708c0722d9e4bba-768x576.jpg 768w, https:\/\/tzosvetanedelja.hr\/wp-content\/uploads\/2025\/12\/0-02-05-8b7f15dee8c2be4a4ecb4425bf8b7d6d19c405b2427e738005405b0fe695a741_7708c0722d9e4bba-1000x750.jpg 1000w, https:\/\/tzosvetanedelja.hr\/wp-content\/uploads\/2025\/12\/0-02-05-8b7f15dee8c2be4a4ecb4425bf8b7d6d19c405b2427e738005405b0fe695a741_7708c0722d9e4bba-1536x1152.jpg 1536w, https:\/\/tzosvetanedelja.hr\/wp-content\/uploads\/2025\/12\/0-02-05-8b7f15dee8c2be4a4ecb4425bf8b7d6d19c405b2427e738005405b0fe695a741_7708c0722d9e4bba-16x12.jpg 16w, https:\/\/tzosvetanedelja.hr\/wp-content\/uploads\/2025\/12\/0-02-05-8b7f15dee8c2be4a4ecb4425bf8b7d6d19c405b2427e738005405b0fe695a741_7708c0722d9e4bba-800x600.jpg 800w, https:\/\/tzosvetanedelja.hr\/wp-content\/uploads\/2025\/12\/0-02-05-8b7f15dee8c2be4a4ecb4425bf8b7d6d19c405b2427e738005405b0fe695a741_7708c0722d9e4bba-700x525.jpg 700w, https:\/\/tzosvetanedelja.hr\/wp-content\/uploads\/2025\/12\/0-02-05-8b7f15dee8c2be4a4ecb4425bf8b7d6d19c405b2427e738005405b0fe695a741_7708c0722d9e4bba-1100x825.jpg 1100w, https:\/\/tzosvetanedelja.hr\/wp-content\/uploads\/2025\/12\/0-02-05-8b7f15dee8c2be4a4ecb4425bf8b7d6d19c405b2427e738005405b0fe695a741_7708c0722d9e4bba.jpg 1600w\" sizes=\"(max-width: 768px) 100vw, 768px\" \/><\/a><\/div>\r\n\t<\/div>\r\n\t\r\n\t<div class=\"novost-sr\">\t\r\n\t\t<p class=\"small\">Objavljeno: 09.12.2025.<\/p>\r\n\t\t<h3><a href=\"https:\/\/tzosvetanedelja.hr\/it\/novost\/dubrova-dobila-pristupacni-turisticki-info-punkt-vazan-iskorak-prema-inkluzivnom-turizmu\/\">Dubrova dobila pristupa\u010dni turisti\u010dki info punkt \u2013 va\u017ean iskorak prema inkluzivnom turizmu<\/a><\/h3>\r\n\t<\/div>\r\n<\/div><div class=\"pod-posts\">\r\n\t\r\n\t<div class=\"novost-fr\">\r\n\t\t<div class=\"pod-image\"><a href=\"https:\/\/tzosvetanedelja.hr\/it\/novost\/advent-u-svetoj-nedelji-2025\/\"><img width=\"768\" height=\"512\" src=\"https:\/\/tzosvetanedelja.hr\/wp-content\/uploads\/2025\/11\/Advent-Martinski-7-768x512.jpg\" class=\"attachment-medium_large size-medium_large\" alt=\"\" loading=\"lazy\" srcset=\"https:\/\/tzosvetanedelja.hr\/wp-content\/uploads\/2025\/11\/Advent-Martinski-7-768x512.jpg 768w, https:\/\/tzosvetanedelja.hr\/wp-content\/uploads\/2025\/11\/Advent-Martinski-7-1000x667.jpg 1000w, https:\/\/tzosvetanedelja.hr\/wp-content\/uploads\/2025\/11\/Advent-Martinski-7-2000x1333.jpg 2000w, https:\/\/tzosvetanedelja.hr\/wp-content\/uploads\/2025\/11\/Advent-Martinski-7-1536x1024.jpg 1536w, https:\/\/tzosvetanedelja.hr\/wp-content\/uploads\/2025\/11\/Advent-Martinski-7-18x12.jpg 18w, https:\/\/tzosvetanedelja.hr\/wp-content\/uploads\/2025\/11\/Advent-Martinski-7-700x467.jpg 700w, https:\/\/tzosvetanedelja.hr\/wp-content\/uploads\/2025\/11\/Advent-Martinski-7-1100x733.jpg 1100w, https:\/\/tzosvetanedelja.hr\/wp-content\/uploads\/2025\/11\/Advent-Martinski-7.jpg 2048w\" sizes=\"(max-width: 768px) 100vw, 768px\" \/><\/a><\/div>\r\n\t<\/div>\r\n\t\r\n\t<div class=\"novost-sr\">\t\r\n\t\t<p class=\"small\">Objavljeno: 25.11.2025.<\/p>\r\n\t\t<h3><a href=\"https:\/\/tzosvetanedelja.hr\/it\/novost\/advent-u-svetoj-nedelji-2025\/\">Advent u Svetoj Nedelji 2025.<\/a><\/h3>\r\n\t<\/div>\r\n<\/div><div class=\"pod-posts\">\r\n\t\r\n\t<div class=\"novost-fr\">\r\n\t\t<div class=\"pod-image\"><a href=\"https:\/\/tzosvetanedelja.hr\/it\/novost\/otkazuje-se-pjesacenje-putevima-rudarske-bastine-uz-posjet-gradskom-pcelinjaku-labin\/\"><img width=\"720\" height=\"518\" src=\"https:\/\/tzosvetanedelja.hr\/wp-content\/uploads\/2025\/11\/582969325_1440981150902672_9143969149185996104_n.jpg\" class=\"attachment-medium_large size-medium_large\" alt=\"\" loading=\"lazy\" srcset=\"https:\/\/tzosvetanedelja.hr\/wp-content\/uploads\/2025\/11\/582969325_1440981150902672_9143969149185996104_n.jpg 720w, https:\/\/tzosvetanedelja.hr\/wp-content\/uploads\/2025\/11\/582969325_1440981150902672_9143969149185996104_n-18x12.jpg 18w, https:\/\/tzosvetanedelja.hr\/wp-content\/uploads\/2025\/11\/582969325_1440981150902672_9143969149185996104_n-700x504.jpg 700w\" sizes=\"(max-width: 720px) 100vw, 720px\" \/><\/a><\/div>\r\n\t<\/div>\r\n\t\r\n\t<div class=\"novost-sr\">\t\r\n\t\t<p class=\"small\">Objavljeno: 13.11.2025.<\/p>\r\n\t\t<h3><a href=\"https:\/\/tzosvetanedelja.hr\/it\/novost\/otkazuje-se-pjesacenje-putevima-rudarske-bastine-uz-posjet-gradskom-pcelinjaku-labin\/\">OTKAZUJE SE Pje\u0161a\u010denje putevima rudarske ba\u0161tine uz posjet Gradskom p\u010delinjaku Labin<\/a><\/h3>\r\n\t<\/div>\r\n<\/div><div class=\"pod-posts\">\r\n\t\r\n\t<div class=\"novost-fr\">\r\n\t\t<div class=\"pod-image\"><a href=\"https:\/\/tzosvetanedelja.hr\/it\/novost\/hrvatska-prirodno-tvoja-2025\/\"><img width=\"768\" height=\"576\" src=\"https:\/\/tzosvetanedelja.hr\/wp-content\/uploads\/2025\/11\/6-768x576.jpg\" class=\"attachment-medium_large size-medium_large\" alt=\"\" loading=\"lazy\" srcset=\"https:\/\/tzosvetanedelja.hr\/wp-content\/uploads\/2025\/11\/6-768x576.jpg 768w, https:\/\/tzosvetanedelja.hr\/wp-content\/uploads\/2025\/11\/6-1000x750.jpg 1000w, https:\/\/tzosvetanedelja.hr\/wp-content\/uploads\/2025\/11\/6-1536x1152.jpg 1536w, https:\/\/tzosvetanedelja.hr\/wp-content\/uploads\/2025\/11\/6-16x12.jpg 16w, https:\/\/tzosvetanedelja.hr\/wp-content\/uploads\/2025\/11\/6-800x600.jpg 800w, https:\/\/tzosvetanedelja.hr\/wp-content\/uploads\/2025\/11\/6-700x525.jpg 700w, https:\/\/tzosvetanedelja.hr\/wp-content\/uploads\/2025\/11\/6-1100x825.jpg 1100w, https:\/\/tzosvetanedelja.hr\/wp-content\/uploads\/2025\/11\/6.jpg 1600w\" sizes=\"(max-width: 768px) 100vw, 768px\" \/><\/a><\/div>\r\n\t<\/div>\r\n\t\r\n\t<div class=\"novost-sr\">\t\r\n\t\t<p class=\"small\">Objavljeno: 13.11.2025.<\/p>\r\n\t\t<h3><a href=\"https:\/\/tzosvetanedelja.hr\/it\/novost\/hrvatska-prirodno-tvoja-2025\/\">TZO Svete Nedelje i ove godine dio nacionalnog projekta \u201cHrvatska prirodno tvoja \u2013 Croatia naturally yours\u201d<\/a><\/h3>\r\n\t<\/div>\r\n<\/div><div class=\"pod-posts\">\r\n\t\r\n\t<div class=\"novost-fr\">\r\n\t\t<div class=\"pod-image\"><a href=\"https:\/\/tzosvetanedelja.hr\/it\/novost\/realiziran-projekt-nedelja-outdoor-2\/\"><img width=\"768\" height=\"576\" src=\"https:\/\/tzosvetanedelja.hr\/wp-content\/uploads\/2025\/11\/555301491_1398584111809043_8866508796992973974_n-768x576.jpg\" class=\"attachment-medium_large size-medium_large\" alt=\"\" loading=\"lazy\" srcset=\"https:\/\/tzosvetanedelja.hr\/wp-content\/uploads\/2025\/11\/555301491_1398584111809043_8866508796992973974_n-768x576.jpg 768w, https:\/\/tzosvetanedelja.hr\/wp-content\/uploads\/2025\/11\/555301491_1398584111809043_8866508796992973974_n-1000x750.jpg 1000w, https:\/\/tzosvetanedelja.hr\/wp-content\/uploads\/2025\/11\/555301491_1398584111809043_8866508796992973974_n-1536x1152.jpg 1536w, https:\/\/tzosvetanedelja.hr\/wp-content\/uploads\/2025\/11\/555301491_1398584111809043_8866508796992973974_n-16x12.jpg 16w, https:\/\/tzosvetanedelja.hr\/wp-content\/uploads\/2025\/11\/555301491_1398584111809043_8866508796992973974_n-800x600.jpg 800w, https:\/\/tzosvetanedelja.hr\/wp-content\/uploads\/2025\/11\/555301491_1398584111809043_8866508796992973974_n-700x525.jpg 700w, https:\/\/tzosvetanedelja.hr\/wp-content\/uploads\/2025\/11\/555301491_1398584111809043_8866508796992973974_n-1100x825.jpg 1100w, https:\/\/tzosvetanedelja.hr\/wp-content\/uploads\/2025\/11\/555301491_1398584111809043_8866508796992973974_n.jpg 1600w\" sizes=\"(max-width: 768px) 100vw, 768px\" \/><\/a><\/div>\r\n\t<\/div>\r\n\t\r\n\t<div class=\"novost-sr\">\t\r\n\t\t<p class=\"small\">Objavljeno: 12.11.2025.<\/p>\r\n\t\t<h3><a href=\"https:\/\/tzosvetanedelja.hr\/it\/novost\/realiziran-projekt-nedelja-outdoor-2\/\">Realiziran projekt Nedelja outdoor 2<\/a><\/h3>\r\n\t<\/div>\r\n<\/div><div class=\"pod-posts\">\r\n\t\r\n\t<div class=\"novost-fr\">\r\n\t\t<div class=\"pod-image\"><a href=\"https:\/\/tzosvetanedelja.hr\/it\/novost\/predstavljan-projekt-fantasticni-izum-josipa-belusica\/\"><img width=\"768\" height=\"512\" src=\"https:\/\/tzosvetanedelja.hr\/wp-content\/uploads\/2025\/11\/Josip-Belusic-8-768x512.jpg\" class=\"attachment-medium_large size-medium_large\" alt=\"\" loading=\"lazy\" srcset=\"https:\/\/tzosvetanedelja.hr\/wp-content\/uploads\/2025\/11\/Josip-Belusic-8-768x512.jpg 768w, https:\/\/tzosvetanedelja.hr\/wp-content\/uploads\/2025\/11\/Josip-Belusic-8-1000x667.jpg 1000w, https:\/\/tzosvetanedelja.hr\/wp-content\/uploads\/2025\/11\/Josip-Belusic-8-2000x1333.jpg 2000w, https:\/\/tzosvetanedelja.hr\/wp-content\/uploads\/2025\/11\/Josip-Belusic-8-1536x1024.jpg 1536w, https:\/\/tzosvetanedelja.hr\/wp-content\/uploads\/2025\/11\/Josip-Belusic-8-18x12.jpg 18w, https:\/\/tzosvetanedelja.hr\/wp-content\/uploads\/2025\/11\/Josip-Belusic-8-700x467.jpg 700w, https:\/\/tzosvetanedelja.hr\/wp-content\/uploads\/2025\/11\/Josip-Belusic-8-1100x733.jpg 1100w, https:\/\/tzosvetanedelja.hr\/wp-content\/uploads\/2025\/11\/Josip-Belusic-8.jpg 2048w\" sizes=\"(max-width: 768px) 100vw, 768px\" \/><\/a><\/div>\r\n\t<\/div>\r\n\t\r\n\t<div class=\"novost-sr\">\t\r\n\t\t<p class=\"small\">Objavljeno: 10.11.2025.<\/p>\r\n\t\t<h3><a href=\"https:\/\/tzosvetanedelja.hr\/it\/novost\/predstavljan-projekt-fantasticni-izum-josipa-belusica\/\">Predstavljan projekt \u201eFantasti\u010dni izum Josipa Belu\u0161i\u0107a\u201d<\/a><\/h3>\r\n\t<\/div>\r\n<\/div><div class=\"pod-posts\">\r\n\t\r\n\t<div class=\"novost-fr\">\r\n\t\t<div class=\"pod-image\"><a href=\"https:\/\/tzosvetanedelja.hr\/it\/novost\/uspjesno-zavrsen-tecaj-certificirani-vodic-interpretator-cig-labinstina-bogatija-za-devet-novih-interpretatorica-bastine\/\"><img width=\"768\" height=\"576\" src=\"https:\/\/tzosvetanedelja.hr\/wp-content\/uploads\/2025\/10\/0-02-05-ee18228d65fd1f6a311a523036cffc1b488fad7fd048c9455ae0d97b9bbb02e0_9eb3e450b0128bac-768x576.jpg\" class=\"attachment-medium_large size-medium_large\" alt=\"\" loading=\"lazy\" srcset=\"https:\/\/tzosvetanedelja.hr\/wp-content\/uploads\/2025\/10\/0-02-05-ee18228d65fd1f6a311a523036cffc1b488fad7fd048c9455ae0d97b9bbb02e0_9eb3e450b0128bac-768x576.jpg 768w, https:\/\/tzosvetanedelja.hr\/wp-content\/uploads\/2025\/10\/0-02-05-ee18228d65fd1f6a311a523036cffc1b488fad7fd048c9455ae0d97b9bbb02e0_9eb3e450b0128bac-1000x750.jpg 1000w, https:\/\/tzosvetanedelja.hr\/wp-content\/uploads\/2025\/10\/0-02-05-ee18228d65fd1f6a311a523036cffc1b488fad7fd048c9455ae0d97b9bbb02e0_9eb3e450b0128bac-1536x1152.jpg 1536w, https:\/\/tzosvetanedelja.hr\/wp-content\/uploads\/2025\/10\/0-02-05-ee18228d65fd1f6a311a523036cffc1b488fad7fd048c9455ae0d97b9bbb02e0_9eb3e450b0128bac-16x12.jpg 16w, https:\/\/tzosvetanedelja.hr\/wp-content\/uploads\/2025\/10\/0-02-05-ee18228d65fd1f6a311a523036cffc1b488fad7fd048c9455ae0d97b9bbb02e0_9eb3e450b0128bac-800x600.jpg 800w, https:\/\/tzosvetanedelja.hr\/wp-content\/uploads\/2025\/10\/0-02-05-ee18228d65fd1f6a311a523036cffc1b488fad7fd048c9455ae0d97b9bbb02e0_9eb3e450b0128bac-700x525.jpg 700w, https:\/\/tzosvetanedelja.hr\/wp-content\/uploads\/2025\/10\/0-02-05-ee18228d65fd1f6a311a523036cffc1b488fad7fd048c9455ae0d97b9bbb02e0_9eb3e450b0128bac-1100x825.jpg 1100w, https:\/\/tzosvetanedelja.hr\/wp-content\/uploads\/2025\/10\/0-02-05-ee18228d65fd1f6a311a523036cffc1b488fad7fd048c9455ae0d97b9bbb02e0_9eb3e450b0128bac.jpg 1600w\" sizes=\"(max-width: 768px) 100vw, 768px\" \/><\/a><\/div>\r\n\t<\/div>\r\n\t\r\n\t<div class=\"novost-sr\">\t\r\n\t\t<p class=\"small\">Objavljeno: 27.10.2025.<\/p>\r\n\t\t<h3><a href=\"https:\/\/tzosvetanedelja.hr\/it\/novost\/uspjesno-zavrsen-tecaj-certificirani-vodic-interpretator-cig-labinstina-bogatija-za-devet-novih-interpretatorica-bastine\/\">Uspje\u0161no zavr\u0161en te\u010daj \u201eCertificirani vodi\u010d interpretator (CIG)\u201c \u2013 Labin\u0161tina bogatija za devet novih interpretatorica ba\u0161tine<\/a><\/h3>\r\n\t<\/div>\r\n<\/div><div class=\"pod-posts\">\r\n\t\r\n\t<div class=\"novost-fr\">\r\n\t\t<div class=\"pod-image\"><a href=\"https:\/\/tzosvetanedelja.hr\/it\/novost\/turisticki-rezultati-svete-nedelje-za-prvih-9-mjeseci-2025-godine\/\"><img width=\"768\" height=\"366\" src=\"https:\/\/tzosvetanedelja.hr\/wp-content\/uploads\/2025\/10\/Snimka-zaslona-2025-10-14-104013-768x366.png\" class=\"attachment-medium_large size-medium_large\" alt=\"\" loading=\"lazy\" srcset=\"https:\/\/tzosvetanedelja.hr\/wp-content\/uploads\/2025\/10\/Snimka-zaslona-2025-10-14-104013-768x366.png 768w, https:\/\/tzosvetanedelja.hr\/wp-content\/uploads\/2025\/10\/Snimka-zaslona-2025-10-14-104013-18x9.png 18w, https:\/\/tzosvetanedelja.hr\/wp-content\/uploads\/2025\/10\/Snimka-zaslona-2025-10-14-104013-700x333.png 700w, https:\/\/tzosvetanedelja.hr\/wp-content\/uploads\/2025\/10\/Snimka-zaslona-2025-10-14-104013.png 790w\" sizes=\"(max-width: 768px) 100vw, 768px\" \/><\/a><\/div>\r\n\t<\/div>\r\n\t\r\n\t<div class=\"novost-sr\">\t\r\n\t\t<p class=\"small\">Objavljeno: 14.10.2025.<\/p>\r\n\t\t<h3><a href=\"https:\/\/tzosvetanedelja.hr\/it\/novost\/turisticki-rezultati-svete-nedelje-za-prvih-9-mjeseci-2025-godine\/\">Turisti\u010dki rezultati Svete Nedelje za prvih 9 mjeseci 2025. godine<\/a><\/h3>\r\n\t<\/div>\r\n<\/div><div class=\"pod-posts\">\r\n\t\r\n\t<div class=\"novost-fr\">\r\n\t\t<div class=\"pod-image\"><a href=\"https:\/\/tzosvetanedelja.hr\/it\/novost\/informacije-o-privremenoj-regulaciji-prometa-povodom-odrzavanja-medunarodnog-rekreativnog-biciklistickog-maratona-istria300-na-dan-27-rujna-2025-subota\/\"><img width=\"768\" height=\"543\" src=\"https:\/\/tzosvetanedelja.hr\/wp-content\/uploads\/2025\/07\/I300_Courses2025_0000_Istria300_2025_Courses_17062025-1536x1086-1-768x543.jpg\" class=\"attachment-medium_large size-medium_large\" alt=\"\" loading=\"lazy\" srcset=\"https:\/\/tzosvetanedelja.hr\/wp-content\/uploads\/2025\/07\/I300_Courses2025_0000_Istria300_2025_Courses_17062025-1536x1086-1-768x543.jpg 768w, https:\/\/tzosvetanedelja.hr\/wp-content\/uploads\/2025\/07\/I300_Courses2025_0000_Istria300_2025_Courses_17062025-1536x1086-1-1000x707.jpg 1000w, https:\/\/tzosvetanedelja.hr\/wp-content\/uploads\/2025\/07\/I300_Courses2025_0000_Istria300_2025_Courses_17062025-1536x1086-1-18x12.jpg 18w, https:\/\/tzosvetanedelja.hr\/wp-content\/uploads\/2025\/07\/I300_Courses2025_0000_Istria300_2025_Courses_17062025-1536x1086-1-700x495.jpg 700w, https:\/\/tzosvetanedelja.hr\/wp-content\/uploads\/2025\/07\/I300_Courses2025_0000_Istria300_2025_Courses_17062025-1536x1086-1-1100x778.jpg 1100w, https:\/\/tzosvetanedelja.hr\/wp-content\/uploads\/2025\/07\/I300_Courses2025_0000_Istria300_2025_Courses_17062025-1536x1086-1.jpg 1536w\" sizes=\"(max-width: 768px) 100vw, 768px\" \/><\/a><\/div>\r\n\t<\/div>\r\n\t\r\n\t<div class=\"novost-sr\">\t\r\n\t\t<p class=\"small\">Objavljeno: 16.09.2025.<\/p>\r\n\t\t<h3><a href=\"https:\/\/tzosvetanedelja.hr\/it\/novost\/informacije-o-privremenoj-regulaciji-prometa-povodom-odrzavanja-medunarodnog-rekreativnog-biciklistickog-maratona-istria300-na-dan-27-rujna-2025-subota\/\">Privremena regulacija prometa &#8211; Istria300<\/a><\/h3>\r\n\t<\/div>\r\n<\/div><span class=\"pods-pagination-advanced\">\n\t\n\t<span class=\"pods-pagination-number pods-pagination-current\">1<\/span>\n\n\t\t\t\t<a href=\"\/it\/wp-json\/wp\/v2\/pages\/1006760?pg=2\" class=\"pods-pagination-number pods-pagination-2\">2<\/a>\n\t\t\t\t\t\t<a href=\"\/it\/wp-json\/wp\/v2\/pages\/1006760?pg=3\" class=\"pods-pagination-number pods-pagination-3\">3<\/a>\n\t\t\t\t\t<a href=\"\/it\/wp-json\/wp\/v2\/pages\/1006760?pg=8\" class=\"pods-pagination-number pods-pagination-last pods-pagination-8\">8<\/a>\n\t\t\t\t\t<a href=\"\/it\/wp-json\/wp\/v2\/pages\/1006760?pg=2\" class=\"pods-pagination-label pods-pagination-next\">Next &rsaquo;<\/a>\n\t\t\t\t\t\t\t<a href=\"\/it\/wp-json\/wp\/v2\/pages\/1006760?pg=8\" class=\"pods-pagination-label pods-pagination-last\">Last &raquo;<\/a>\n\t\t\t\t\n<\/span>\n\n\n\t\t<\/div> \n\t<\/div> <\/div><\/div><\/div><\/div><\/div><\/div>","protected":false},"excerpt":{"rendered":"Novosti Objavljeno: 15.04.2026. Krenule su prijave za 6. Vinsku \u0161etnju \u2013 Osigurajte svoje mjesto na najdra\u017eoj proljetnoj ruti! Objavljeno: 14.04.2026. Nova ciklo stanica na Dubrovi Objavljeno: 01.04.2026. Javni natje\u010daj za izbor i imenovanje direktora\/ice TZO Sveta Nedelja Objavljeno: 27.03.2026. \u201eHomo u subotu na \u0161paruge\u201c \u2013...","protected":false},"author":2,"featured_media":0,"parent":0,"menu_order":0,"comment_status":"closed","ping_status":"closed","template":"","meta":[],"_links":{"self":[{"href":"https:\/\/tzosvetanedelja.hr\/it\/wp-json\/wp\/v2\/pages\/1006760"}],"collection":[{"href":"https:\/\/tzosvetanedelja.hr\/it\/wp-json\/wp\/v2\/pages"}],"about":[{"href":"https:\/\/tzosvetanedelja.hr\/it\/wp-json\/wp\/v2\/types\/page"}],"author":[{"embeddable":true,"href":"https:\/\/tzosvetanedelja.hr\/it\/wp-json\/wp\/v2\/users\/2"}],"replies":[{"embeddable":true,"href":"https:\/\/tzosvetanedelja.hr\/it\/wp-json\/wp\/v2\/comments?post=1006760"}],"version-history":[{"count":20,"href":"https:\/\/tzosvetanedelja.hr\/it\/wp-json\/wp\/v2\/pages\/1006760\/revisions"}],"predecessor-version":[{"id":1009021,"href":"https:\/\/tzosvetanedelja.hr\/it\/wp-json\/wp\/v2\/pages\/1006760\/revisions\/1009021"}],"wp:attachment":[{"href":"https:\/\/tzosvetanedelja.hr\/it\/wp-json\/wp\/v2\/media?parent=1006760"}],"curies":[{"name":"wp","href":"https:\/\/api.w.org\/{rel}","templated":true}]}}