{"id":1006769,"date":"2020-11-12T12:40:33","date_gmt":"2020-11-12T11:40:33","guid":{"rendered":"https:\/\/tzosvetanedelja.hr\/?page_id=1006769"},"modified":"2022-03-15T08:45:22","modified_gmt":"2022-03-15T07:45:22","slug":"dogadanja","status":"publish","type":"page","link":"https:\/\/tzosvetanedelja.hr\/it\/dogadanja\/","title":{"rendered":"Eventi"},"content":{"rendered":"<div     class=\"vc_row wpb_row section vc_row-fluid equal-height-holder without-header vc_custom_1647330317840 grid_section\" style=' text-align:left;'><div class=\"section_inner clearfix\"><div class='section_inner_margin clearfix'><div class=\"wpb_column vc_column_container vc_col-sm-12\"><div class=\"vc_column-inner\"><div class=\"wpb_wrapper\">\n\t<div class=\"wpb_text_column wpb_content_element\">\n\t\t<div class=\"wpb_wrapper\">\n\t\t\t<h1 style=\"text-align: center;\">Eventi<\/h1>\n<div class=\"pod-posts\">\r\n\t\r\n\t<div class=\"novost-fr\">\r\n\t\t<div class=\"pod-image\"><a href=\"https:\/\/tzosvetanedelja.hr\/it\/dogadaj\/uskrsnji-ponedjeljak-na-dubrovi\/\"><img width=\"768\" height=\"432\" src=\"https:\/\/tzosvetanedelja.hr\/wp-content\/uploads\/2026\/03\/Uskrsni-ponedjeljak-na-dubrovi-768x432.jpg\" class=\"attachment-medium_large size-medium_large\" alt=\"\" loading=\"lazy\" srcset=\"https:\/\/tzosvetanedelja.hr\/wp-content\/uploads\/2026\/03\/Uskrsni-ponedjeljak-na-dubrovi-768x432.jpg 768w, https:\/\/tzosvetanedelja.hr\/wp-content\/uploads\/2026\/03\/Uskrsni-ponedjeljak-na-dubrovi-1000x563.jpg 1000w, https:\/\/tzosvetanedelja.hr\/wp-content\/uploads\/2026\/03\/Uskrsni-ponedjeljak-na-dubrovi-1536x864.jpg 1536w, https:\/\/tzosvetanedelja.hr\/wp-content\/uploads\/2026\/03\/Uskrsni-ponedjeljak-na-dubrovi-18x10.jpg 18w, https:\/\/tzosvetanedelja.hr\/wp-content\/uploads\/2026\/03\/Uskrsni-ponedjeljak-na-dubrovi-700x394.jpg 700w, https:\/\/tzosvetanedelja.hr\/wp-content\/uploads\/2026\/03\/Uskrsni-ponedjeljak-na-dubrovi-1100x619.jpg 1100w, https:\/\/tzosvetanedelja.hr\/wp-content\/uploads\/2026\/03\/Uskrsni-ponedjeljak-na-dubrovi.jpg 1920w\" sizes=\"(max-width: 768px) 100vw, 768px\" \/><\/a><\/div>\r\n\t<\/div>\r\n\t\r\n\t<div class=\"novost-sr\">\t\r\n\t\t<p class=\"small\"><strong>Park Skulptura Dubrova<\/strong><br>ponedjeljak, 6.4.2026.<\/p>\r\n\t\t<h3><a href=\"https:\/\/tzosvetanedelja.hr\/it\/dogadaj\/uskrsnji-ponedjeljak-na-dubrovi\/\">Uskr\u0161nji ponedjeljak na Dubrovi<\/a><\/h3>\r\n\t<\/div>\r\n<\/div><div class=\"pod-posts\">\r\n\t\r\n\t<div class=\"novost-fr\">\r\n\t\t<div class=\"pod-image\"><a href=\"https:\/\/tzosvetanedelja.hr\/it\/dogadaj\/1012808\/\"><img width=\"768\" height=\"432\" src=\"https:\/\/tzosvetanedelja.hr\/wp-content\/uploads\/2026\/03\/vinska-768x432.png\" class=\"attachment-medium_large size-medium_large\" alt=\"\" loading=\"lazy\" srcset=\"https:\/\/tzosvetanedelja.hr\/wp-content\/uploads\/2026\/03\/vinska-768x432.png 768w, https:\/\/tzosvetanedelja.hr\/wp-content\/uploads\/2026\/03\/vinska-1000x563.png 1000w, https:\/\/tzosvetanedelja.hr\/wp-content\/uploads\/2026\/03\/vinska-1536x864.png 1536w, https:\/\/tzosvetanedelja.hr\/wp-content\/uploads\/2026\/03\/vinska-18x10.png 18w, https:\/\/tzosvetanedelja.hr\/wp-content\/uploads\/2026\/03\/vinska-700x394.png 700w, https:\/\/tzosvetanedelja.hr\/wp-content\/uploads\/2026\/03\/vinska-1100x619.png 1100w, https:\/\/tzosvetanedelja.hr\/wp-content\/uploads\/2026\/03\/vinska.png 1920w\" sizes=\"(max-width: 768px) 100vw, 768px\" \/><\/a><\/div>\r\n\t<\/div>\r\n\t\r\n\t<div class=\"novost-sr\">\t\r\n\t\t<p class=\"small\"><strong>Nede\u0161\u0107ina<\/strong><br>subota, 3. 5. 2026.<\/p>\r\n\t\t<h3><a href=\"https:\/\/tzosvetanedelja.hr\/it\/dogadaj\/1012808\/\">Vinska \u0161etnja Svetom Nedeljom<\/a><\/h3>\r\n\t<\/div>\r\n<\/div><div class=\"pod-posts\">\r\n\t\r\n\t<div class=\"novost-fr\">\r\n\t\t<div class=\"pod-image\"><a href=\"https:\/\/tzosvetanedelja.hr\/it\/dogadaj\/homo-subotu-na-sparuge-dani-sparuga-svete-nedelje\/\"><img width=\"768\" height=\"402\" src=\"https:\/\/tzosvetanedelja.hr\/wp-content\/uploads\/2026\/03\/FB-event-cover-1920x1005px_02-768x402.jpg\" class=\"attachment-medium_large size-medium_large\" alt=\"\" loading=\"lazy\" srcset=\"https:\/\/tzosvetanedelja.hr\/wp-content\/uploads\/2026\/03\/FB-event-cover-1920x1005px_02-768x402.jpg 768w, https:\/\/tzosvetanedelja.hr\/wp-content\/uploads\/2026\/03\/FB-event-cover-1920x1005px_02-1000x523.jpg 1000w, https:\/\/tzosvetanedelja.hr\/wp-content\/uploads\/2026\/03\/FB-event-cover-1920x1005px_02-1536x804.jpg 1536w, https:\/\/tzosvetanedelja.hr\/wp-content\/uploads\/2026\/03\/FB-event-cover-1920x1005px_02-18x9.jpg 18w, https:\/\/tzosvetanedelja.hr\/wp-content\/uploads\/2026\/03\/FB-event-cover-1920x1005px_02-700x366.jpg 700w, https:\/\/tzosvetanedelja.hr\/wp-content\/uploads\/2026\/03\/FB-event-cover-1920x1005px_02-1100x576.jpg 1100w, https:\/\/tzosvetanedelja.hr\/wp-content\/uploads\/2026\/03\/FB-event-cover-1920x1005px_02.jpg 1920w\" sizes=\"(max-width: 768px) 100vw, 768px\" \/><\/a><\/div>\r\n\t<\/div>\r\n\t\r\n\t<div class=\"novost-sr\">\t\r\n\t\t<p class=\"small\"><strong>Agroturizmi Svete Nedelje<\/strong><br>11., 18. i 25. travnja 2026.<\/p>\r\n\t\t<h3><a href=\"https:\/\/tzosvetanedelja.hr\/it\/dogadaj\/homo-subotu-na-sparuge-dani-sparuga-svete-nedelje\/\">Homo subotu na \u0161paruge \u2013 Dani \u0161paruga Svete Nedelje<\/a><\/h3>\r\n\t<\/div>\r\n<\/div><div class=\"pod-posts\">\r\n\t\r\n\t<div class=\"novost-fr\">\r\n\t\t<div class=\"pod-image\"><a href=\"https:\/\/tzosvetanedelja.hr\/it\/dogadaj\/rental-revolution-2\/\"><img width=\"768\" height=\"432\" src=\"https:\/\/tzosvetanedelja.hr\/wp-content\/uploads\/2026\/03\/Rental-Revolution-event-mediji-1-768x432.jpg\" class=\"attachment-medium_large size-medium_large\" alt=\"\" loading=\"lazy\" srcset=\"https:\/\/tzosvetanedelja.hr\/wp-content\/uploads\/2026\/03\/Rental-Revolution-event-mediji-1-768x432.jpg 768w, https:\/\/tzosvetanedelja.hr\/wp-content\/uploads\/2026\/03\/Rental-Revolution-event-mediji-1-1000x563.jpg 1000w, https:\/\/tzosvetanedelja.hr\/wp-content\/uploads\/2026\/03\/Rental-Revolution-event-mediji-1-1536x864.jpg 1536w, https:\/\/tzosvetanedelja.hr\/wp-content\/uploads\/2026\/03\/Rental-Revolution-event-mediji-1-18x10.jpg 18w, https:\/\/tzosvetanedelja.hr\/wp-content\/uploads\/2026\/03\/Rental-Revolution-event-mediji-1-700x394.jpg 700w, https:\/\/tzosvetanedelja.hr\/wp-content\/uploads\/2026\/03\/Rental-Revolution-event-mediji-1-1100x619.jpg 1100w, https:\/\/tzosvetanedelja.hr\/wp-content\/uploads\/2026\/03\/Rental-Revolution-event-mediji-1.jpg 1920w\" sizes=\"(max-width: 768px) 100vw, 768px\" \/><\/a><\/div>\r\n\t<\/div>\r\n\t\r\n\t<div class=\"novost-sr\">\t\r\n\t\t<p class=\"small\"><strong>Spomend dom, Pazin<\/strong><br>petak, 27.3.2026.<\/p>\r\n\t\t<h3><a href=\"https:\/\/tzosvetanedelja.hr\/it\/dogadaj\/rental-revolution-2\/\">Rental Revolution<\/a><\/h3>\r\n\t<\/div>\r\n<\/div><div class=\"pod-posts\">\r\n\t\r\n\t<div class=\"novost-fr\">\r\n\t\t<div class=\"pod-image\"><a href=\"https:\/\/tzosvetanedelja.hr\/it\/dogadaj\/bastina-u-pokretu-dan-znanosti-i-inovacije\/\"><img width=\"768\" height=\"644\" src=\"https:\/\/tzosvetanedelja.hr\/wp-content\/uploads\/2026\/03\/objava-BUP-3-768x644.jpg\" class=\"attachment-medium_large size-medium_large\" alt=\"\" loading=\"lazy\" srcset=\"https:\/\/tzosvetanedelja.hr\/wp-content\/uploads\/2026\/03\/objava-BUP-3-768x644.jpg 768w, https:\/\/tzosvetanedelja.hr\/wp-content\/uploads\/2026\/03\/objava-BUP-3-14x12.jpg 14w, https:\/\/tzosvetanedelja.hr\/wp-content\/uploads\/2026\/03\/objava-BUP-3-700x587.jpg 700w, https:\/\/tzosvetanedelja.hr\/wp-content\/uploads\/2026\/03\/objava-BUP-3.jpg 940w\" sizes=\"(max-width: 768px) 100vw, 768px\" \/><\/a><\/div>\r\n\t<\/div>\r\n\t\r\n\t<div class=\"novost-sr\">\t\r\n\t\t<p class=\"small\"><strong>Nede\u0161\u0107ina<\/strong><br>nedjelja, 15. o\u017eujka 2026.<\/p>\r\n\t\t<h3><a href=\"https:\/\/tzosvetanedelja.hr\/it\/dogadaj\/bastina-u-pokretu-dan-znanosti-i-inovacije\/\">Ba\u0161tina u pokretu \u2013 Dan znanosti i inovacije<\/a><\/h3>\r\n\t<\/div>\r\n<\/div><div class=\"pod-posts\">\r\n\t\r\n\t<div class=\"novost-fr\">\r\n\t\t<div class=\"pod-image\"><a href=\"https:\/\/tzosvetanedelja.hr\/it\/dogadaj\/masterclass-za-iznajmljivace-2026\/\"><img width=\"768\" height=\"644\" src=\"https:\/\/tzosvetanedelja.hr\/wp-content\/uploads\/2026\/02\/masterclass-2026-768x644.jpg\" class=\"attachment-medium_large size-medium_large\" alt=\"\" loading=\"lazy\" srcset=\"https:\/\/tzosvetanedelja.hr\/wp-content\/uploads\/2026\/02\/masterclass-2026-768x644.jpg 768w, https:\/\/tzosvetanedelja.hr\/wp-content\/uploads\/2026\/02\/masterclass-2026-14x12.jpg 14w, https:\/\/tzosvetanedelja.hr\/wp-content\/uploads\/2026\/02\/masterclass-2026-700x587.jpg 700w, https:\/\/tzosvetanedelja.hr\/wp-content\/uploads\/2026\/02\/masterclass-2026.jpg 940w\" sizes=\"(max-width: 768px) 100vw, 768px\" \/><\/a><\/div>\r\n\t<\/div>\r\n\t\r\n\t<div class=\"novost-sr\">\t\r\n\t\t<p class=\"small\"><strong>Restoran S\u0160 Mate Bla\u017eina<\/strong><br>\u010detvrtak, 26. velja\u010de 2026. godine<\/p>\r\n\t\t<h3><a href=\"https:\/\/tzosvetanedelja.hr\/it\/dogadaj\/masterclass-za-iznajmljivace-2026\/\">Masterclass za iznajmljiva\u010de 2026.<\/a><\/h3>\r\n\t<\/div>\r\n<\/div><div class=\"pod-posts\">\r\n\t\r\n\t<div class=\"novost-fr\">\r\n\t\t<div class=\"pod-image\"><a href=\"https:\/\/tzosvetanedelja.hr\/it\/dogadaj\/41-promohotel\/\"><img width=\"768\" height=\"772\" src=\"https:\/\/tzosvetanedelja.hr\/wp-content\/uploads\/2026\/02\/unnamed-768x772.jpg\" class=\"attachment-medium_large size-medium_large\" alt=\"\" loading=\"lazy\" srcset=\"https:\/\/tzosvetanedelja.hr\/wp-content\/uploads\/2026\/02\/unnamed-768x772.jpg 768w, https:\/\/tzosvetanedelja.hr\/wp-content\/uploads\/2026\/02\/unnamed-12x12.jpg 12w, https:\/\/tzosvetanedelja.hr\/wp-content\/uploads\/2026\/02\/unnamed-700x703.jpg 700w, https:\/\/tzosvetanedelja.hr\/wp-content\/uploads\/2026\/02\/unnamed.jpg 822w\" sizes=\"(max-width: 768px) 100vw, 768px\" \/><\/a><\/div>\r\n\t<\/div>\r\n\t\r\n\t<div class=\"novost-sr\">\t\r\n\t\t<p class=\"small\"><strong>Pore\u010d<\/strong><br>11.2.-14.2.2026.<\/p>\r\n\t\t<h3><a href=\"https:\/\/tzosvetanedelja.hr\/it\/dogadaj\/41-promohotel\/\">41. Promohotel<\/a><\/h3>\r\n\t<\/div>\r\n<\/div><div class=\"pod-posts\">\r\n\t\r\n\t<div class=\"novost-fr\">\r\n\t\t<div class=\"pod-image\"><a href=\"https:\/\/tzosvetanedelja.hr\/it\/dogadaj\/djecji-maskenbal\/\"><img width=\"768\" height=\"512\" src=\"https:\/\/tzosvetanedelja.hr\/wp-content\/uploads\/2026\/01\/Maskare-Nedescina-25.-25-768x512.jpg\" class=\"attachment-medium_large size-medium_large\" alt=\"\" loading=\"lazy\" srcset=\"https:\/\/tzosvetanedelja.hr\/wp-content\/uploads\/2026\/01\/Maskare-Nedescina-25.-25-768x512.jpg 768w, https:\/\/tzosvetanedelja.hr\/wp-content\/uploads\/2026\/01\/Maskare-Nedescina-25.-25-1000x667.jpg 1000w, https:\/\/tzosvetanedelja.hr\/wp-content\/uploads\/2026\/01\/Maskare-Nedescina-25.-25-2000x1333.jpg 2000w, https:\/\/tzosvetanedelja.hr\/wp-content\/uploads\/2026\/01\/Maskare-Nedescina-25.-25-1536x1024.jpg 1536w, https:\/\/tzosvetanedelja.hr\/wp-content\/uploads\/2026\/01\/Maskare-Nedescina-25.-25-18x12.jpg 18w, https:\/\/tzosvetanedelja.hr\/wp-content\/uploads\/2026\/01\/Maskare-Nedescina-25.-25-700x467.jpg 700w, https:\/\/tzosvetanedelja.hr\/wp-content\/uploads\/2026\/01\/Maskare-Nedescina-25.-25-1100x733.jpg 1100w, https:\/\/tzosvetanedelja.hr\/wp-content\/uploads\/2026\/01\/Maskare-Nedescina-25.-25.jpg 2048w\" sizes=\"(max-width: 768px) 100vw, 768px\" \/><\/a><\/div>\r\n\t<\/div>\r\n\t\r\n\t<div class=\"novost-sr\">\t\r\n\t\t<p class=\"small\"><strong>Nede\u0161\u0107ina<\/strong><br>subota, 7.2.2026.<\/p>\r\n\t\t<h3><a href=\"https:\/\/tzosvetanedelja.hr\/it\/dogadaj\/djecji-maskenbal\/\">Dje\u010dji maskenbal<\/a><\/h3>\r\n\t<\/div>\r\n<\/div><div class=\"pod-posts\">\r\n\t\r\n\t<div class=\"novost-fr\">\r\n\t\t<div class=\"pod-image\"><a href=\"https:\/\/tzosvetanedelja.hr\/it\/dogadaj\/maskarana-balinjerada-2\/\"><img width=\"768\" height=\"512\" src=\"https:\/\/tzosvetanedelja.hr\/wp-content\/uploads\/2026\/01\/S\u030ctrmac-balinjerada-29-768x512.jpg\" class=\"attachment-medium_large size-medium_large\" alt=\"\" loading=\"lazy\" srcset=\"https:\/\/tzosvetanedelja.hr\/wp-content\/uploads\/2026\/01\/S\u030ctrmac-balinjerada-29-768x512.jpg 768w, https:\/\/tzosvetanedelja.hr\/wp-content\/uploads\/2026\/01\/S\u030ctrmac-balinjerada-29-1000x667.jpg 1000w, https:\/\/tzosvetanedelja.hr\/wp-content\/uploads\/2026\/01\/S\u030ctrmac-balinjerada-29-2000x1333.jpg 2000w, https:\/\/tzosvetanedelja.hr\/wp-content\/uploads\/2026\/01\/S\u030ctrmac-balinjerada-29-1536x1024.jpg 1536w, https:\/\/tzosvetanedelja.hr\/wp-content\/uploads\/2026\/01\/S\u030ctrmac-balinjerada-29-18x12.jpg 18w, https:\/\/tzosvetanedelja.hr\/wp-content\/uploads\/2026\/01\/S\u030ctrmac-balinjerada-29-700x467.jpg 700w, https:\/\/tzosvetanedelja.hr\/wp-content\/uploads\/2026\/01\/S\u030ctrmac-balinjerada-29-1100x733.jpg 1100w, https:\/\/tzosvetanedelja.hr\/wp-content\/uploads\/2026\/01\/S\u030ctrmac-balinjerada-29.jpg 2048w\" sizes=\"(max-width: 768px) 100vw, 768px\" \/><\/a><\/div>\r\n\t<\/div>\r\n\t\r\n\t<div class=\"novost-sr\">\t\r\n\t\t<p class=\"small\"><strong>\u0160trmac<\/strong><br>nedjelja, 1.2.2026.<\/p>\r\n\t\t<h3><a href=\"https:\/\/tzosvetanedelja.hr\/it\/dogadaj\/maskarana-balinjerada-2\/\">Ma\u0161karana balinjerada<\/a><\/h3>\r\n\t<\/div>\r\n<\/div><div class=\"pod-posts\">\r\n\t\r\n\t<div class=\"novost-fr\">\r\n\t\t<div class=\"pod-image\"><a href=\"https:\/\/tzosvetanedelja.hr\/it\/dogadaj\/maskenbal-sv-martin\/\"><img width=\"768\" height=\"1152\" src=\"https:\/\/tzosvetanedelja.hr\/wp-content\/uploads\/2026\/01\/617898205_122179525940604606_1983160646379098664_n-768x1152.jpg\" class=\"attachment-medium_large size-medium_large\" alt=\"\" loading=\"lazy\" srcset=\"https:\/\/tzosvetanedelja.hr\/wp-content\/uploads\/2026\/01\/617898205_122179525940604606_1983160646379098664_n-768x1152.jpg 768w, https:\/\/tzosvetanedelja.hr\/wp-content\/uploads\/2026\/01\/617898205_122179525940604606_1983160646379098664_n-667x1000.jpg 667w, https:\/\/tzosvetanedelja.hr\/wp-content\/uploads\/2026\/01\/617898205_122179525940604606_1983160646379098664_n-8x12.jpg 8w, https:\/\/tzosvetanedelja.hr\/wp-content\/uploads\/2026\/01\/617898205_122179525940604606_1983160646379098664_n-700x1050.jpg 700w, https:\/\/tzosvetanedelja.hr\/wp-content\/uploads\/2026\/01\/617898205_122179525940604606_1983160646379098664_n.jpg 1024w\" sizes=\"(max-width: 768px) 100vw, 768px\" \/><\/a><\/div>\r\n\t<\/div>\r\n\t\r\n\t<div class=\"novost-sr\">\t\r\n\t\t<p class=\"small\"><strong>Dru\u0161tveni dom u Sv. Martinu<\/strong><br>subota, 31.1.2026.<\/p>\r\n\t\t<h3><a href=\"https:\/\/tzosvetanedelja.hr\/it\/dogadaj\/maskenbal-sv-martin\/\">Maskenbal Sv. Martin<\/a><\/h3>\r\n\t<\/div>\r\n<\/div><div class=\"pod-posts\">\r\n\t\r\n\t<div class=\"novost-fr\">\r\n\t\t<div class=\"pod-image\"><a href=\"https:\/\/tzosvetanedelja.hr\/it\/dogadaj\/oslikavanje-kuglica\/\"><img width=\"768\" height=\"960\" src=\"https:\/\/tzosvetanedelja.hr\/wp-content\/uploads\/2025\/12\/1000022279-768x960.png\" class=\"attachment-medium_large size-medium_large\" alt=\"\" loading=\"lazy\" srcset=\"https:\/\/tzosvetanedelja.hr\/wp-content\/uploads\/2025\/12\/1000022279-768x960.png 768w, https:\/\/tzosvetanedelja.hr\/wp-content\/uploads\/2025\/12\/1000022279-800x1000.png 800w, https:\/\/tzosvetanedelja.hr\/wp-content\/uploads\/2025\/12\/1000022279-10x12.png 10w, https:\/\/tzosvetanedelja.hr\/wp-content\/uploads\/2025\/12\/1000022279-700x875.png 700w, https:\/\/tzosvetanedelja.hr\/wp-content\/uploads\/2025\/12\/1000022279.png 1080w\" sizes=\"(max-width: 768px) 100vw, 768px\" \/><\/a><\/div>\r\n\t<\/div>\r\n\t\r\n\t<div class=\"novost-sr\">\t\r\n\t\t<p class=\"small\"><strong>Info punkt Dubrova<\/strong><br>srijeda, 17.12.2025.<\/p>\r\n\t\t<h3><a href=\"https:\/\/tzosvetanedelja.hr\/it\/dogadaj\/oslikavanje-kuglica\/\">Oslikavanje kuglica<\/a><\/h3>\r\n\t<\/div>\r\n<\/div><div class=\"pod-posts\">\r\n\t\r\n\t<div class=\"novost-fr\">\r\n\t\t<div class=\"pod-image\"><a href=\"https:\/\/tzosvetanedelja.hr\/it\/dogadaj\/10-jubilarni-dani-meda-labinstine-ripenda-2025\/\"><img width=\"720\" height=\"540\" src=\"https:\/\/tzosvetanedelja.hr\/wp-content\/uploads\/2025\/11\/1762875267dani-meda-labin-restoran.png\" class=\"attachment-medium_large size-medium_large\" alt=\"\" loading=\"lazy\" srcset=\"https:\/\/tzosvetanedelja.hr\/wp-content\/uploads\/2025\/11\/1762875267dani-meda-labin-restoran.png 720w, https:\/\/tzosvetanedelja.hr\/wp-content\/uploads\/2025\/11\/1762875267dani-meda-labin-restoran-16x12.png 16w, https:\/\/tzosvetanedelja.hr\/wp-content\/uploads\/2025\/11\/1762875267dani-meda-labin-restoran-800x600.png 800w, https:\/\/tzosvetanedelja.hr\/wp-content\/uploads\/2025\/11\/1762875267dani-meda-labin-restoran-700x525.png 700w\" sizes=\"(max-width: 720px) 100vw, 720px\" \/><\/a><\/div>\r\n\t<\/div>\r\n\t\r\n\t<div class=\"novost-sr\">\t\r\n\t\t<p class=\"small\"><strong>Labin\u0161tina<\/strong><br>8.-16. studeni 2025.<\/p>\r\n\t\t<h3><a href=\"https:\/\/tzosvetanedelja.hr\/it\/dogadaj\/10-jubilarni-dani-meda-labinstine-ripenda-2025\/\">10. jubilarni Dani meda Labin\u0161tine \u201cRipenda 2025\u201d.<\/a><\/h3>\r\n\t<\/div>\r\n<\/div><div class=\"pod-posts\">\r\n\t\r\n\t<div class=\"novost-fr\">\r\n\t\t<div class=\"pod-image\"><a href=\"https:\/\/tzosvetanedelja.hr\/it\/dogadaj\/besplatna-vodena-setnja-kroz-rudarsku-bastinu-labina-uz-degustaciju-meda-i-krafi\/\"><img width=\"768\" height=\"553\" src=\"https:\/\/tzosvetanedelja.hr\/wp-content\/uploads\/2025\/11\/578257629_1443451311119575_8971629037035532996_n-768x553.jpg\" class=\"attachment-medium_large size-medium_large\" alt=\"\" loading=\"lazy\" srcset=\"https:\/\/tzosvetanedelja.hr\/wp-content\/uploads\/2025\/11\/578257629_1443451311119575_8971629037035532996_n-768x553.jpg 768w, https:\/\/tzosvetanedelja.hr\/wp-content\/uploads\/2025\/11\/578257629_1443451311119575_8971629037035532996_n-1000x720.jpg 1000w, https:\/\/tzosvetanedelja.hr\/wp-content\/uploads\/2025\/11\/578257629_1443451311119575_8971629037035532996_n-1536x1105.jpg 1536w, https:\/\/tzosvetanedelja.hr\/wp-content\/uploads\/2025\/11\/578257629_1443451311119575_8971629037035532996_n-18x12.jpg 18w, https:\/\/tzosvetanedelja.hr\/wp-content\/uploads\/2025\/11\/578257629_1443451311119575_8971629037035532996_n-700x504.jpg 700w, https:\/\/tzosvetanedelja.hr\/wp-content\/uploads\/2025\/11\/578257629_1443451311119575_8971629037035532996_n-1100x791.jpg 1100w, https:\/\/tzosvetanedelja.hr\/wp-content\/uploads\/2025\/11\/578257629_1443451311119575_8971629037035532996_n.jpg 1911w\" sizes=\"(max-width: 768px) 100vw, 768px\" \/><\/a><\/div>\r\n\t<\/div>\r\n\t\r\n\t<div class=\"novost-sr\">\t\r\n\t\t<p class=\"small\"><strong>Labin<\/strong><br>nedjelja, 16. studeni 2025.<\/p>\r\n\t\t<h3><a href=\"https:\/\/tzosvetanedelja.hr\/it\/dogadaj\/besplatna-vodena-setnja-kroz-rudarsku-bastinu-labina-uz-degustaciju-meda-i-krafi\/\">Besplatna vo\u0111ena \u0161etnja kroz rudarsku ba\u0161tinu Labina uz degustaciju meda i krafi! &#8211; OTKAZANO<\/a><\/h3>\r\n\t<\/div>\r\n<\/div><div class=\"pod-posts\">\r\n\t\r\n\t<div class=\"novost-fr\">\r\n\t\t<div class=\"pod-image\"><a href=\"https:\/\/tzosvetanedelja.hr\/it\/dogadaj\/upoznajte-genijalnog-belusica\/\"><img width=\"768\" height=\"960\" src=\"https:\/\/tzosvetanedelja.hr\/wp-content\/uploads\/2025\/10\/JB_social_dvojezicno_ig_post_dvojezicno-768x960.png\" class=\"attachment-medium_large size-medium_large\" alt=\"\" loading=\"lazy\" srcset=\"https:\/\/tzosvetanedelja.hr\/wp-content\/uploads\/2025\/10\/JB_social_dvojezicno_ig_post_dvojezicno-768x960.png 768w, https:\/\/tzosvetanedelja.hr\/wp-content\/uploads\/2025\/10\/JB_social_dvojezicno_ig_post_dvojezicno-800x1000.png 800w, https:\/\/tzosvetanedelja.hr\/wp-content\/uploads\/2025\/10\/JB_social_dvojezicno_ig_post_dvojezicno-10x12.png 10w, https:\/\/tzosvetanedelja.hr\/wp-content\/uploads\/2025\/10\/JB_social_dvojezicno_ig_post_dvojezicno-700x875.png 700w, https:\/\/tzosvetanedelja.hr\/wp-content\/uploads\/2025\/10\/JB_social_dvojezicno_ig_post_dvojezicno.png 1080w\" sizes=\"(max-width: 768px) 100vw, 768px\" \/><\/a><\/div>\r\n\t<\/div>\r\n\t\r\n\t<div class=\"novost-sr\">\t\r\n\t\t<p class=\"small\"><strong>Turist\u010dki info centar \"Kocka\", \u0160trmac 85 (Dubrova)<\/strong><br>petak, 7.11.2025.<\/p>\r\n\t\t<h3><a href=\"https:\/\/tzosvetanedelja.hr\/it\/dogadaj\/upoznajte-genijalnog-belusica\/\">Upoznajte genijalnog Belu\u0161i\u0107a<\/a><\/h3>\r\n\t<\/div>\r\n<\/div><div class=\"pod-posts\">\r\n\t\r\n\t<div class=\"novost-fr\">\r\n\t\t<div class=\"pod-image\"><a href=\"https:\/\/tzosvetanedelja.hr\/it\/dogadaj\/dovai2025\/\"><img width=\"768\" height=\"548\" src=\"https:\/\/tzosvetanedelja.hr\/wp-content\/uploads\/2025\/10\/banner-dovai-25-TZ-700_500-01-768x548.jpg\" class=\"attachment-medium_large size-medium_large\" alt=\"\" loading=\"lazy\" srcset=\"https:\/\/tzosvetanedelja.hr\/wp-content\/uploads\/2025\/10\/banner-dovai-25-TZ-700_500-01-768x548.jpg 768w, https:\/\/tzosvetanedelja.hr\/wp-content\/uploads\/2025\/10\/banner-dovai-25-TZ-700_500-01-1000x714.jpg 1000w, https:\/\/tzosvetanedelja.hr\/wp-content\/uploads\/2025\/10\/banner-dovai-25-TZ-700_500-01-18x12.jpg 18w, https:\/\/tzosvetanedelja.hr\/wp-content\/uploads\/2025\/10\/banner-dovai-25-TZ-700_500-01-700x500.jpg 700w, https:\/\/tzosvetanedelja.hr\/wp-content\/uploads\/2025\/10\/banner-dovai-25-TZ-700_500-01-1100x786.jpg 1100w, https:\/\/tzosvetanedelja.hr\/wp-content\/uploads\/2025\/10\/banner-dovai-25-TZ-700_500-01.jpg 1459w\" sizes=\"(max-width: 768px) 100vw, 768px\" \/><\/a><\/div>\r\n\t<\/div>\r\n\t\r\n\t<div class=\"novost-sr\">\t\r\n\t\t<p class=\"small\"><strong>Sveta Nedelja<\/strong><br>studeni 2025.<\/p>\r\n\t\t<h3><a href=\"https:\/\/tzosvetanedelja.hr\/it\/dogadaj\/dovai2025\/\">15. Dani otvorenih vrata agroturizama Istre<\/a><\/h3>\r\n\t<\/div>\r\n<\/div><div class=\"pod-posts\">\r\n\t\r\n\t<div class=\"novost-fr\">\r\n\t\t<div class=\"pod-image\"><a href=\"https:\/\/tzosvetanedelja.hr\/it\/dogadaj\/boje-jeseni-slikarska-radionica-za-djecu\/\"><img width=\"768\" height=\"960\" src=\"https:\/\/tzosvetanedelja.hr\/wp-content\/uploads\/2025\/10\/Boje-jeseni-slikarska-radionica-16.10.-768x960.png\" class=\"attachment-medium_large size-medium_large\" alt=\"\" loading=\"lazy\" srcset=\"https:\/\/tzosvetanedelja.hr\/wp-content\/uploads\/2025\/10\/Boje-jeseni-slikarska-radionica-16.10.-768x960.png 768w, https:\/\/tzosvetanedelja.hr\/wp-content\/uploads\/2025\/10\/Boje-jeseni-slikarska-radionica-16.10.-800x1000.png 800w, https:\/\/tzosvetanedelja.hr\/wp-content\/uploads\/2025\/10\/Boje-jeseni-slikarska-radionica-16.10.-10x12.png 10w, https:\/\/tzosvetanedelja.hr\/wp-content\/uploads\/2025\/10\/Boje-jeseni-slikarska-radionica-16.10.-700x875.png 700w, https:\/\/tzosvetanedelja.hr\/wp-content\/uploads\/2025\/10\/Boje-jeseni-slikarska-radionica-16.10..png 1080w\" sizes=\"(max-width: 768px) 100vw, 768px\" \/><\/a><\/div>\r\n\t<\/div>\r\n\t\r\n\t<div class=\"novost-sr\">\t\r\n\t\t<p class=\"small\"><strong>O\u0160 \"Vitomir \u0160irola Pajo\", Nede\u0161\u0107ina<\/strong><br>\u010detvrtak, 16.10.2025. u 16:30<\/p>\r\n\t\t<h3><a href=\"https:\/\/tzosvetanedelja.hr\/it\/dogadaj\/boje-jeseni-slikarska-radionica-za-djecu\/\">Boje jeseni &#8211; slikarska radionica za djecu<\/a><\/h3>\r\n\t<\/div>\r\n<\/div><div class=\"pod-posts\">\r\n\t\r\n\t<div class=\"novost-fr\">\r\n\t\t<div class=\"pod-image\"><a href=\"https:\/\/tzosvetanedelja.hr\/it\/dogadaj\/16-otobra-dan-opcine-sveta-nedelja\/\"><img width=\"768\" height=\"550\" src=\"https:\/\/tzosvetanedelja.hr\/wp-content\/uploads\/2025\/10\/Plakat-WEB-768x550.jpg\" class=\"attachment-medium_large size-medium_large\" alt=\"\" loading=\"lazy\" srcset=\"https:\/\/tzosvetanedelja.hr\/wp-content\/uploads\/2025\/10\/Plakat-WEB-768x550.jpg 768w, https:\/\/tzosvetanedelja.hr\/wp-content\/uploads\/2025\/10\/Plakat-WEB-1000x716.jpg 1000w, https:\/\/tzosvetanedelja.hr\/wp-content\/uploads\/2025\/10\/Plakat-WEB-2000x1431.jpg 2000w, https:\/\/tzosvetanedelja.hr\/wp-content\/uploads\/2025\/10\/Plakat-WEB-1536x1099.jpg 1536w, https:\/\/tzosvetanedelja.hr\/wp-content\/uploads\/2025\/10\/Plakat-WEB-2048x1466.jpg 2048w, https:\/\/tzosvetanedelja.hr\/wp-content\/uploads\/2025\/10\/Plakat-WEB-18x12.jpg 18w, https:\/\/tzosvetanedelja.hr\/wp-content\/uploads\/2025\/10\/Plakat-WEB-700x501.jpg 700w, https:\/\/tzosvetanedelja.hr\/wp-content\/uploads\/2025\/10\/Plakat-WEB-1100x787.jpg 1100w\" sizes=\"(max-width: 768px) 100vw, 768px\" \/><\/a><\/div>\r\n\t<\/div>\r\n\t\r\n\t<div class=\"novost-sr\">\t\r\n\t\t<p class=\"small\"><strong>Nede\u0161\u0107ina<\/strong><br>\u010detvrtak, 16.10.2025.<\/p>\r\n\t\t<h3><a href=\"https:\/\/tzosvetanedelja.hr\/it\/dogadaj\/16-otobra-dan-opcine-sveta-nedelja\/\">16 Otobra &#8211; Dan Op\u0107ine Sveta Nedelja<\/a><\/h3>\r\n\t<\/div>\r\n<\/div><div class=\"pod-posts\">\r\n\t\r\n\t<div class=\"novost-fr\">\r\n\t\t<div class=\"pod-image\"><a href=\"https:\/\/tzosvetanedelja.hr\/it\/dogadaj\/pjesacka-tura-sumberske-dine\/\"><img width=\"768\" height=\"508\" src=\"https:\/\/tzosvetanedelja.hr\/wp-content\/uploads\/2025\/09\/1742211370dineuredeno-768x508.jpg\" class=\"attachment-medium_large size-medium_large\" alt=\"\" loading=\"lazy\" srcset=\"https:\/\/tzosvetanedelja.hr\/wp-content\/uploads\/2025\/09\/1742211370dineuredeno-768x508.jpg 768w, https:\/\/tzosvetanedelja.hr\/wp-content\/uploads\/2025\/09\/1742211370dineuredeno-18x12.jpg 18w, https:\/\/tzosvetanedelja.hr\/wp-content\/uploads\/2025\/09\/1742211370dineuredeno-700x463.jpg 700w, https:\/\/tzosvetanedelja.hr\/wp-content\/uploads\/2025\/09\/1742211370dineuredeno.jpg 900w\" sizes=\"(max-width: 768px) 100vw, 768px\" \/><\/a><\/div>\r\n\t<\/div>\r\n\t\r\n\t<div class=\"novost-sr\">\t\r\n\t\t<p class=\"small\"><strong>\u0160umber<\/strong><br>nedjelja, 28. 9. 2025.<\/p>\r\n\t\t<h3><a href=\"https:\/\/tzosvetanedelja.hr\/it\/dogadaj\/pjesacka-tura-sumberske-dine\/\">Pje\u0161a\u010dka tura \u0160umberske dine<\/a><\/h3>\r\n\t<\/div>\r\n<\/div><span class=\"pods-pagination-advanced\">\n\t\n\t<span class=\"pods-pagination-number pods-pagination-current\">1<\/span>\n\n\t\t\t\t<a href=\"\/it\/wp-json\/wp\/v2\/pages\/1006769?pg=2\" class=\"pods-pagination-number pods-pagination-2\">2<\/a>\n\t\t\t\t\t\t<a href=\"\/it\/wp-json\/wp\/v2\/pages\/1006769?pg=3\" class=\"pods-pagination-number pods-pagination-3\">3<\/a>\n\t\t\t\t\t<a href=\"\/it\/wp-json\/wp\/v2\/pages\/1006769?pg=7\" class=\"pods-pagination-number pods-pagination-last pods-pagination-7\">7<\/a>\n\t\t\t\t\t<a href=\"\/it\/wp-json\/wp\/v2\/pages\/1006769?pg=2\" class=\"pods-pagination-label pods-pagination-next\">Next &rsaquo;<\/a>\n\t\t\t\t\t\t\t<a href=\"\/it\/wp-json\/wp\/v2\/pages\/1006769?pg=7\" class=\"pods-pagination-label pods-pagination-last\">Last &raquo;<\/a>\n\t\t\t\t\n<\/span>\n\n\n\t\t<\/div> \n\t<\/div> <\/div><\/div><\/div><\/div><\/div><\/div>","protected":false},"excerpt":{"rendered":"Doga\u0111anja Park Skulptura Dubrovaponedjeljak, 6.4.2026. Uskr\u0161nji ponedjeljak na Dubrovi Nede\u0161\u0107inasubota, 3. 5. 2026. Vinska \u0161etnja Svetom Nedeljom Agroturizmi Svete Nedelje11., 18. i 25. travnja 2026. Homo subotu na \u0161paruge \u2013 Dani \u0161paruga Svete Nedelje Spomend dom, Pazinpetak, 27.3.2026. Rental Revolution Nede\u0161\u0107inanedjelja, 15. o\u017eujka 2026. Ba\u0161tina...","protected":false},"author":2,"featured_media":0,"parent":0,"menu_order":0,"comment_status":"closed","ping_status":"closed","template":"full_width.php","meta":[],"_links":{"self":[{"href":"https:\/\/tzosvetanedelja.hr\/it\/wp-json\/wp\/v2\/pages\/1006769"}],"collection":[{"href":"https:\/\/tzosvetanedelja.hr\/it\/wp-json\/wp\/v2\/pages"}],"about":[{"href":"https:\/\/tzosvetanedelja.hr\/it\/wp-json\/wp\/v2\/types\/page"}],"author":[{"embeddable":true,"href":"https:\/\/tzosvetanedelja.hr\/it\/wp-json\/wp\/v2\/users\/2"}],"replies":[{"embeddable":true,"href":"https:\/\/tzosvetanedelja.hr\/it\/wp-json\/wp\/v2\/comments?post=1006769"}],"version-history":[{"count":11,"href":"https:\/\/tzosvetanedelja.hr\/it\/wp-json\/wp\/v2\/pages\/1006769\/revisions"}],"predecessor-version":[{"id":1008911,"href":"https:\/\/tzosvetanedelja.hr\/it\/wp-json\/wp\/v2\/pages\/1006769\/revisions\/1008911"}],"wp:attachment":[{"href":"https:\/\/tzosvetanedelja.hr\/it\/wp-json\/wp\/v2\/media?parent=1006769"}],"curies":[{"name":"wp","href":"https:\/\/api.w.org\/{rel}","templated":true}]}}