{"id":1009596,"date":"2022-03-23T08:13:11","date_gmt":"2022-03-23T07:13:11","guid":{"rendered":"https:\/\/tzosvetanedelja.hr\/?page_id=1009596"},"modified":"2025-07-16T14:03:19","modified_gmt":"2025-07-16T12:03:19","slug":"brosure","status":"publish","type":"page","link":"https:\/\/tzosvetanedelja.hr\/it\/brosure\/","title":{"rendered":"Bro\u0161ure"},"content":{"rendered":"<div     class=\"vc_row wpb_row section vc_row-fluid without-header grid_section\" style=' text-align:left;'><div class=\"section_inner clearfix\"><div class='section_inner_margin clearfix'><div class=\"wpb_column vc_column_container vc_col-sm-2\"><div class=\"vc_column-inner\"><div class=\"wpb_wrapper\"><\/div><\/div><\/div><div class=\"wpb_column vc_column_container vc_col-sm-8\"><div class=\"vc_column-inner\"><div class=\"wpb_wrapper\">\n\t<div class=\"wpb_text_column wpb_content_element\">\n\t\t<div class=\"wpb_wrapper\">\n\t\t\t<h1 style=\"text-align: center;\">Bro\u0161ure<\/h1>\n\n\t\t<\/div> \n\t<\/div> <\/div><\/div><\/div><div class=\"wpb_column vc_column_container vc_col-sm-2\"><div class=\"vc_column-inner\"><div class=\"wpb_wrapper\"><\/div><\/div><\/div><\/div><\/div><\/div><div     class=\"vc_row wpb_row section vc_row-fluid vc_custom_1647513972980 grid_section\" style=' text-align:left;'><div class=\"section_inner clearfix\"><div class='section_inner_margin clearfix'><div class=\"box-holder box-holder-grey wpb_column vc_column_container vc_col-sm-6\"><div class=\"vc_column-inner\"><div class=\"wpb_wrapper\"><div class=\"evc-image-with-text evc-shortcode image-with-txt special evc-shortcode-has-link\">\n\t<div class=\"evc-iwt-image\">\n\t\t\t\t\n\t\t\t\t\n\t\t<img width=\"954\" height=\"654\" src=\"https:\/\/tzosvetanedelja.hr\/wp-content\/uploads\/2025\/07\/Izrezakkarta.png\" class=\"attachment-large size-large\" alt=\"\" loading=\"lazy\" srcset=\"https:\/\/tzosvetanedelja.hr\/wp-content\/uploads\/2025\/07\/Izrezakkarta.png 954w, https:\/\/tzosvetanedelja.hr\/wp-content\/uploads\/2025\/07\/Izrezakkarta-768x526.png 768w, https:\/\/tzosvetanedelja.hr\/wp-content\/uploads\/2025\/07\/Izrezakkarta-18x12.png 18w, https:\/\/tzosvetanedelja.hr\/wp-content\/uploads\/2025\/07\/Izrezakkarta-700x480.png 700w\" sizes=\"(max-width: 954px) 100vw, 954px\" \/>\t\t\n\t\t\t<\/div>\n\t<div class=\"evc-iwt-content\">\n\t\t\t\t\t<\/div>\n<\/div>\n\n\t<div class=\"wpb_text_column wpb_content_element  same-height\">\n\t\t<div class=\"wpb_wrapper\">\n\t\t\t<h5 style=\"text-align: center;\">Turisti\u010dka karta op\u0107ine Sveta Nedelja<\/h5>\n<p style=\"text-align: center;\"><a href=\"https:\/\/tzosvetanedelja.hr\/wp-content\/uploads\/2025\/06\/TZO-Sveta-Nedelja-Karta_web.pdf\">Hrvatski, engleski\u00a0<\/a><\/p>\n\n\t\t<\/div> \n\t<\/div> <div class=\"evc-image-with-text evc-shortcode image-with-txt special evc-shortcode-has-link\">\n\t<div class=\"evc-iwt-image\">\n\t\t\t\t\n\t\t\t\t\n\t\t<img width=\"1060\" height=\"749\" src=\"https:\/\/tzosvetanedelja.hr\/wp-content\/uploads\/2022\/03\/Letak-Sv-Nedelja-Park-Dubrova-2000x1414.png\" class=\"attachment-large size-large\" alt=\"Letak Sv. Nedelja i Park Dubrova\" loading=\"lazy\" srcset=\"https:\/\/tzosvetanedelja.hr\/wp-content\/uploads\/2022\/03\/Letak-Sv-Nedelja-Park-Dubrova-2000x1414.png 2000w, https:\/\/tzosvetanedelja.hr\/wp-content\/uploads\/2022\/03\/Letak-Sv-Nedelja-Park-Dubrova-1000x707.png 1000w, https:\/\/tzosvetanedelja.hr\/wp-content\/uploads\/2022\/03\/Letak-Sv-Nedelja-Park-Dubrova-768x543.png 768w, https:\/\/tzosvetanedelja.hr\/wp-content\/uploads\/2022\/03\/Letak-Sv-Nedelja-Park-Dubrova-1536x1086.png 1536w, https:\/\/tzosvetanedelja.hr\/wp-content\/uploads\/2022\/03\/Letak-Sv-Nedelja-Park-Dubrova-2048x1448.png 2048w, https:\/\/tzosvetanedelja.hr\/wp-content\/uploads\/2022\/03\/Letak-Sv-Nedelja-Park-Dubrova-700x495.png 700w, https:\/\/tzosvetanedelja.hr\/wp-content\/uploads\/2022\/03\/Letak-Sv-Nedelja-Park-Dubrova-1100x778.png 1100w\" sizes=\"(max-width: 1060px) 100vw, 1060px\" \/>\t\t\n\t\t\t<\/div>\n\t<div class=\"evc-iwt-content\">\n\t\t\t\t\t<\/div>\n<\/div>\n\n\t<div class=\"wpb_text_column wpb_content_element  same-height\">\n\t\t<div class=\"wpb_wrapper\">\n\t\t\t<h5 style=\"text-align: center;\">Park Dubrova i Sv. Nedelja<\/h5>\n<p style=\"text-align: center;\"><a href=\"https:\/\/tzosvetanedelja.hr\/wp-content\/uploads\/2022\/01\/Letak-Sv-Nedelja-Park-Dubrova.pdf\" target=\"_blank\" rel=\"noopener\">Hrvatski (9,6 MB)<\/a><\/p>\n\n\t\t<\/div> \n\t<\/div> <\/div><\/div><\/div><div class=\"box-holder box-holder-grey wpb_column vc_column_container vc_col-sm-6\"><div class=\"vc_column-inner\"><div class=\"wpb_wrapper\"><div class=\"evc-image-with-text evc-shortcode image-with-txt special evc-shortcode-has-link\">\n\t<div class=\"evc-iwt-image\">\n\t\t\t\t\n\t\t\t\t\n\t\t<img width=\"1060\" height=\"695\" src=\"https:\/\/tzosvetanedelja.hr\/wp-content\/uploads\/2022\/03\/TZO-Sv.-Nedelja-info-pano-tabela.jpg\" class=\"attachment-large size-large\" alt=\"TZO Sv. Nedelja Info pano tabela\" loading=\"lazy\" srcset=\"https:\/\/tzosvetanedelja.hr\/wp-content\/uploads\/2022\/03\/TZO-Sv.-Nedelja-info-pano-tabela.jpg 1199w, https:\/\/tzosvetanedelja.hr\/wp-content\/uploads\/2022\/03\/TZO-Sv.-Nedelja-info-pano-tabela-1000x656.jpg 1000w, https:\/\/tzosvetanedelja.hr\/wp-content\/uploads\/2022\/03\/TZO-Sv.-Nedelja-info-pano-tabela-768x503.jpg 768w, https:\/\/tzosvetanedelja.hr\/wp-content\/uploads\/2022\/03\/TZO-Sv.-Nedelja-info-pano-tabela-700x459.jpg 700w, https:\/\/tzosvetanedelja.hr\/wp-content\/uploads\/2022\/03\/TZO-Sv.-Nedelja-info-pano-tabela-1100x721.jpg 1100w\" sizes=\"(max-width: 1060px) 100vw, 1060px\" \/>\t\t\n\t\t\t<\/div>\n\t<div class=\"evc-iwt-content\">\n\t\t\t\t\t<\/div>\n<\/div>\n\n\t<div class=\"wpb_text_column wpb_content_element  same-height\">\n\t\t<div class=\"wpb_wrapper\">\n\t\t\t<h5 style=\"text-align: center;\">TZO Sv. Nedelja Info pano tabela<\/h5>\n<p style=\"text-align: center;\"><a href=\"https:\/\/tzosvetanedelja.hr\/wp-content\/uploads\/2022\/01\/TZO-Sv.-Nedelja-info-pano-tabela.pdf\" target=\"_blank\" rel=\"noopener\">Hrvatski (0,2 MB)<\/a><\/p>\n\n\t\t<\/div> \n\t<\/div> <\/div><\/div><\/div><div class=\"box-holder box-holder-grey wpb_column vc_column_container vc_col-sm-4\"><div class=\"vc_column-inner\"><div class=\"wpb_wrapper\"><div class=\"evc-image-with-text evc-shortcode image-with-txt evc-shortcode-has-link\">\n\t<div class=\"evc-iwt-image\">\n\t\t\t\t\n\t\t\t\t\n\t\t<img width=\"600\" height=\"1258\" src=\"https:\/\/tzosvetanedelja.hr\/wp-content\/uploads\/2022\/03\/letak-istra-culture.jpg\" class=\"attachment-large size-large\" alt=\"Letak Istra Culture\" loading=\"lazy\" srcset=\"https:\/\/tzosvetanedelja.hr\/wp-content\/uploads\/2022\/03\/letak-istra-culture.jpg 600w, https:\/\/tzosvetanedelja.hr\/wp-content\/uploads\/2022\/03\/letak-istra-culture-477x1000.jpg 477w\" sizes=\"(max-width: 600px) 100vw, 600px\" \/>\t\t\n\t\t\t<\/div>\n\t<div class=\"evc-iwt-content\">\n\t\t\t\t\t<\/div>\n<\/div>\n\n\t<div class=\"wpb_text_column wpb_content_element  same-height-second\">\n\t\t<div class=\"wpb_wrapper\">\n\t\t\t<h5 style=\"text-align: center;\">Istra Culture<\/h5>\n<p style=\"text-align: center;\"><a href=\"https:\/\/www.istra.hr\/downloadf\/istraculture19_hr.pdf\" target=\"_blank\" rel=\"noopener\">Hrvatski (1,9 MB)<\/a><br \/>\n<a href=\"https:\/\/www.istra.hr\/downloadf\/istraculture19_en.pdf\" target=\"_blank\" rel=\"noopener\">English (1,8 MB)<\/a><br \/>\n<a href=\"https:\/\/www.istra.hr\/downloadf\/istraculture19_de.pdf\" target=\"_blank\" rel=\"noopener\">Deutsch (1,8 MB)<\/a><br \/>\n<a href=\"https:\/\/www.istra.hr\/downloadf\/istraculture19_it.pdf\" target=\"_blank\" rel=\"noopener\">Italiano (1,8 MB)<\/a><\/p>\n\n\t\t<\/div> \n\t<\/div> <\/div><\/div><\/div><div class=\"box-holder box-holder-grey wpb_column vc_column_container vc_col-sm-4\"><div class=\"vc_column-inner\"><div class=\"wpb_wrapper\"><div class=\"evc-image-with-text evc-shortcode image-with-txt evc-shortcode-has-link\">\n\t<div class=\"evc-iwt-image\">\n\t\t\t\t\n\t\t\t\t\n\t\t<img width=\"1060\" height=\"1521\" src=\"https:\/\/tzosvetanedelja.hr\/wp-content\/uploads\/2022\/03\/letak-istra-culture-map.jpg\" class=\"attachment-large size-large\" alt=\"Letak Istra Culture Map\" loading=\"lazy\" srcset=\"https:\/\/tzosvetanedelja.hr\/wp-content\/uploads\/2022\/03\/letak-istra-culture-map.jpg 1304w, https:\/\/tzosvetanedelja.hr\/wp-content\/uploads\/2022\/03\/letak-istra-culture-map-697x1000.jpg 697w, https:\/\/tzosvetanedelja.hr\/wp-content\/uploads\/2022\/03\/letak-istra-culture-map-768x1102.jpg 768w, https:\/\/tzosvetanedelja.hr\/wp-content\/uploads\/2022\/03\/letak-istra-culture-map-1071x1536.jpg 1071w, https:\/\/tzosvetanedelja.hr\/wp-content\/uploads\/2022\/03\/letak-istra-culture-map-700x1004.jpg 700w, https:\/\/tzosvetanedelja.hr\/wp-content\/uploads\/2022\/03\/letak-istra-culture-map-1100x1578.jpg 1100w\" sizes=\"(max-width: 1060px) 100vw, 1060px\" \/>\t\t\n\t\t\t<\/div>\n\t<div class=\"evc-iwt-content\">\n\t\t\t\t\t<\/div>\n<\/div>\n\n\t<div class=\"wpb_text_column wpb_content_element  same-height-second\">\n\t\t<div class=\"wpb_wrapper\">\n\t\t\t<h5 style=\"text-align: center;\">Istra Culture: Karta<\/h5>\n<p style=\"text-align: center;\"><a href=\"https:\/\/www.istra.hr\/downloadf\/istraculture19_hr_map.pdf\" target=\"_blank\" rel=\"noopener\">Hrvatski (3,7 MB)<\/a><br \/>\n<a href=\"https:\/\/www.istra.hr\/downloadf\/istraculture19_en_map.pdf\" target=\"_blank\" rel=\"noopener\">English (3,6 MB)<\/a><br \/>\n<a href=\"https:\/\/www.istra.hr\/downloadf\/istraculture19_de_map.pdf\" target=\"_blank\" rel=\"noopener\">Deutsch (3,7 MB)<\/a><br \/>\n<a href=\"https:\/\/www.istra.hr\/downloadf\/istraculture19_it_map.pdf\" target=\"_blank\" rel=\"noopener\">Italiano (3,6 MB)<\/a><\/p>\n\n\t\t<\/div> \n\t<\/div> <\/div><\/div><\/div><div class=\"box-holder box-holder-grey wpb_column vc_column_container vc_col-sm-4\"><div class=\"vc_column-inner\"><div class=\"wpb_wrapper\"><div class=\"evc-image-with-text evc-shortcode image-with-txt evc-shortcode-has-link\">\n\t<div class=\"evc-iwt-image\">\n\t\t\t\t\n\t\t\t\t\n\t\t<img width=\"1000\" height=\"1310\" src=\"https:\/\/tzosvetanedelja.hr\/wp-content\/uploads\/2022\/03\/brosura-istra-outdoor.jpg\" class=\"attachment-large size-large\" alt=\"Bro\u0161ura Istra Outdoor\" loading=\"lazy\" srcset=\"https:\/\/tzosvetanedelja.hr\/wp-content\/uploads\/2022\/03\/brosura-istra-outdoor.jpg 1000w, https:\/\/tzosvetanedelja.hr\/wp-content\/uploads\/2022\/03\/brosura-istra-outdoor-763x1000.jpg 763w, https:\/\/tzosvetanedelja.hr\/wp-content\/uploads\/2022\/03\/brosura-istra-outdoor-768x1006.jpg 768w, https:\/\/tzosvetanedelja.hr\/wp-content\/uploads\/2022\/03\/brosura-istra-outdoor-700x917.jpg 700w\" sizes=\"(max-width: 1000px) 100vw, 1000px\" \/>\t\t\n\t\t\t<\/div>\n\t<div class=\"evc-iwt-content\">\n\t\t\t\t\t<\/div>\n<\/div>\n\n\t<div class=\"wpb_text_column wpb_content_element  same-height-second\">\n\t\t<div class=\"wpb_wrapper\">\n\t\t\t<h5 style=\"text-align: center;\">Istra Outdoor<\/h5>\n<p style=\"text-align: center;\"><a href=\"https:\/\/www.istra.hr\/downloadf\/istraoutdoor_2021.pdf\" target=\"_blank\" rel=\"noopener\">English &amp; Deutsch (5,9 MB)<\/a><\/p>\n\n\t\t<\/div> \n\t<\/div> <\/div><\/div><\/div><div class=\"box-holder box-holder-grey wpb_column vc_column_container vc_col-sm-4\"><div class=\"vc_column-inner\"><div class=\"wpb_wrapper\"><div class=\"evc-image-with-text evc-shortcode image-with-txt evc-shortcode-has-link\">\n\t<div class=\"evc-iwt-image\">\n\t\t\t\t\n\t\t\t\t\n\t\t<img width=\"1000\" height=\"1419\" src=\"https:\/\/tzosvetanedelja.hr\/wp-content\/uploads\/2022\/03\/istra-ecoxperience-1.jpg\" class=\"attachment-large size-large\" alt=\"Istra Ecoxperience\" loading=\"lazy\" srcset=\"https:\/\/tzosvetanedelja.hr\/wp-content\/uploads\/2022\/03\/istra-ecoxperience-1.jpg 1000w, https:\/\/tzosvetanedelja.hr\/wp-content\/uploads\/2022\/03\/istra-ecoxperience-1-705x1000.jpg 705w, https:\/\/tzosvetanedelja.hr\/wp-content\/uploads\/2022\/03\/istra-ecoxperience-1-768x1090.jpg 768w, https:\/\/tzosvetanedelja.hr\/wp-content\/uploads\/2022\/03\/istra-ecoxperience-1-700x993.jpg 700w\" sizes=\"(max-width: 1000px) 100vw, 1000px\" \/>\t\t\n\t\t\t<\/div>\n\t<div class=\"evc-iwt-content\">\n\t\t\t\t\t<\/div>\n<\/div>\n\n\t<div class=\"wpb_text_column wpb_content_element  same-height-second\">\n\t\t<div class=\"wpb_wrapper\">\n\t\t\t<h5 style=\"text-align: center;\">Istra Ecoxperience<\/h5>\n<p style=\"text-align: center;\"><a href=\"https:\/\/www.istra.hr\/downloadf\/istraeco_hrit.pdf\" target=\"_blank\" rel=\"noopener\">Hrvatski &amp; Italiano (7,8 MB)<\/a><br \/>\n<a href=\"https:\/\/www.istra.hr\/downloadf\/istraeco_ende.pdf\" target=\"_blank\" rel=\"noopener\">English &amp; Deutsch (7,8 MB)<\/a><\/p>\n\n\t\t<\/div> \n\t<\/div> <\/div><\/div><\/div><div class=\"box-holder box-holder-grey wpb_column vc_column_container vc_col-sm-4\"><div class=\"vc_column-inner\"><div class=\"wpb_wrapper\"><div class=\"evc-image-with-text evc-shortcode image-with-txt evc-shortcode-has-link\">\n\t<div class=\"evc-iwt-image\">\n\t\t\t\t\n\t\t\t\t\n\t\t<img width=\"1000\" height=\"1310\" src=\"https:\/\/tzosvetanedelja.hr\/wp-content\/uploads\/2022\/03\/istra-vacation.jpg\" class=\"attachment-large size-large\" alt=\"Istra Vacation\" loading=\"lazy\" srcset=\"https:\/\/tzosvetanedelja.hr\/wp-content\/uploads\/2022\/03\/istra-vacation.jpg 1000w, https:\/\/tzosvetanedelja.hr\/wp-content\/uploads\/2022\/03\/istra-vacation-763x1000.jpg 763w, https:\/\/tzosvetanedelja.hr\/wp-content\/uploads\/2022\/03\/istra-vacation-768x1006.jpg 768w, https:\/\/tzosvetanedelja.hr\/wp-content\/uploads\/2022\/03\/istra-vacation-700x917.jpg 700w\" sizes=\"(max-width: 1000px) 100vw, 1000px\" \/>\t\t\n\t\t\t<\/div>\n\t<div class=\"evc-iwt-content\">\n\t\t\t\t\t<\/div>\n<\/div>\n\n\t<div class=\"wpb_text_column wpb_content_element  same-height-second\">\n\t\t<div class=\"wpb_wrapper\">\n\t\t\t<h5 style=\"text-align: center;\">Istra Vacation<\/h5>\n<p style=\"text-align: center;\"><a href=\"https:\/\/www.istra.hr\/downloadf\/istravacation22.pdf\" target=\"_blank\" rel=\"noopener\">English &amp; Deutsch (25,9 MB)<\/a><\/p>\n\n\t\t<\/div> \n\t<\/div> <div class=\"evc-image-with-text evc-shortcode image-with-txt evc-shortcode-has-link\">\n\t<div class=\"evc-iwt-image\">\n\t\t\t\t\n\t\t\t\t\n\t\t<img width=\"725\" height=\"947\" src=\"https:\/\/tzosvetanedelja.hr\/wp-content\/uploads\/2024\/08\/Izrezak1.png\" class=\"attachment-large size-large\" alt=\"\" loading=\"lazy\" srcset=\"https:\/\/tzosvetanedelja.hr\/wp-content\/uploads\/2024\/08\/Izrezak1.png 725w, https:\/\/tzosvetanedelja.hr\/wp-content\/uploads\/2024\/08\/Izrezak1-9x12.png 9w, https:\/\/tzosvetanedelja.hr\/wp-content\/uploads\/2024\/08\/Izrezak1-700x914.png 700w\" sizes=\"(max-width: 725px) 100vw, 725px\" \/>\t\t\n\t\t\t<\/div>\n\t<div class=\"evc-iwt-content\">\n\t\t\t\t\t<\/div>\n<\/div>\n\n\t<div class=\"wpb_text_column wpb_content_element  same-height-second\">\n\t\t<div class=\"wpb_wrapper\">\n\t\t\t<h5 style=\"text-align: center;\">Istrien Magazin 2024<\/h5>\n<h5 style=\"text-align: center;\"><a href=\"https:\/\/tzosvetanedelja.hr\/wp-content\/uploads\/2024\/08\/istrienmagazin_2024.pdf\">English &amp; Deutsch <\/a><\/h5>\n\n\t\t<\/div> \n\t<\/div> <\/div><\/div><\/div><div class=\"box-holder box-holder-grey wpb_column vc_column_container vc_col-sm-4\"><div class=\"vc_column-inner\"><div class=\"wpb_wrapper\"><div class=\"evc-image-with-text evc-shortcode image-with-txt evc-shortcode-has-link\">\n\t<div class=\"evc-iwt-image\">\n\t\t\t\t\n\t\t\t\t\n\t\t<img width=\"1000\" height=\"1372\" src=\"https:\/\/tzosvetanedelja.hr\/wp-content\/uploads\/2022\/03\/enjoy-istra.jpg\" class=\"attachment-large size-large\" alt=\"Enjoy Istra\" loading=\"lazy\" srcset=\"https:\/\/tzosvetanedelja.hr\/wp-content\/uploads\/2022\/03\/enjoy-istra.jpg 1000w, https:\/\/tzosvetanedelja.hr\/wp-content\/uploads\/2022\/03\/enjoy-istra-729x1000.jpg 729w, https:\/\/tzosvetanedelja.hr\/wp-content\/uploads\/2022\/03\/enjoy-istra-768x1054.jpg 768w, https:\/\/tzosvetanedelja.hr\/wp-content\/uploads\/2022\/03\/enjoy-istra-700x960.jpg 700w\" sizes=\"(max-width: 1000px) 100vw, 1000px\" \/>\t\t\n\t\t\t<\/div>\n\t<div class=\"evc-iwt-content\">\n\t\t\t\t\t<\/div>\n<\/div>\n\n\t<div class=\"wpb_text_column wpb_content_element  same-height-second\">\n\t\t<div class=\"wpb_wrapper\">\n\t\t\t<h5 style=\"text-align: center;\">Enjoy Istra<\/h5>\n<p style=\"text-align: center;\"><a href=\"https:\/\/www.istra.hr\/downloadf\/enjoyistra47_hrit.pdf\" target=\"_blank\" rel=\"noopener\">Hrvatski &amp; Italiano (4,5 MB)<\/a><br \/>\n<a href=\"https:\/\/www.istra.hr\/downloadf\/enjoyistra47_ende.pdf\" target=\"_blank\" rel=\"noopener\">English &amp; Deutsch (4,4 MB)<\/a><\/p>\n\n\t\t<\/div> \n\t<\/div> <div class=\"evc-image-with-text evc-shortcode image-with-txt evc-shortcode-has-link\">\n\t<div class=\"evc-iwt-image\">\n\t\t\t\t\n\t\t\t\t\n\t\t<img width=\"698\" height=\"834\" src=\"https:\/\/tzosvetanedelja.hr\/wp-content\/uploads\/2024\/08\/Istra-gourmet.png\" class=\"attachment-large size-large\" alt=\"\" loading=\"lazy\" srcset=\"https:\/\/tzosvetanedelja.hr\/wp-content\/uploads\/2024\/08\/Istra-gourmet.png 698w, https:\/\/tzosvetanedelja.hr\/wp-content\/uploads\/2024\/08\/Istra-gourmet-10x12.png 10w\" sizes=\"(max-width: 698px) 100vw, 698px\" \/>\t\t\n\t\t\t<\/div>\n\t<div class=\"evc-iwt-content\">\n\t\t\t\t\t<\/div>\n<\/div>\n\n\t<div class=\"wpb_text_column wpb_content_element  same-height-second\">\n\t\t<div class=\"wpb_wrapper\">\n\t\t\t<h5 style=\"text-align: center;\">Istra Gourmet<\/h5>\n<p style=\"text-align: center;\"><a href=\"https:\/\/tzosvetanedelja.hr\/wp-content\/uploads\/2024\/08\/istragourmet_2023-24.pdf\">Hrvatski, engleski, talijanski i njema\u010dki<\/a><\/p>\n\n\t\t<\/div> \n\t<\/div> <\/div><\/div><\/div><div class=\"box-holder box-holder-grey wpb_column vc_column_container vc_col-sm-4\"><div class=\"vc_column-inner\"><div class=\"wpb_wrapper\"><div class=\"evc-image-with-text evc-shortcode image-with-txt evc-shortcode-has-link\">\n\t<div class=\"evc-iwt-image\">\n\t\t\t\t\n\t\t\t\t\n\t\t<img width=\"1000\" height=\"1372\" src=\"https:\/\/tzosvetanedelja.hr\/wp-content\/uploads\/2022\/03\/enjoy-istra.jpg\" class=\"attachment-large size-large\" alt=\"Enjoy Istra\" loading=\"lazy\" srcset=\"https:\/\/tzosvetanedelja.hr\/wp-content\/uploads\/2022\/03\/enjoy-istra.jpg 1000w, https:\/\/tzosvetanedelja.hr\/wp-content\/uploads\/2022\/03\/enjoy-istra-729x1000.jpg 729w, https:\/\/tzosvetanedelja.hr\/wp-content\/uploads\/2022\/03\/enjoy-istra-768x1054.jpg 768w, https:\/\/tzosvetanedelja.hr\/wp-content\/uploads\/2022\/03\/enjoy-istra-700x960.jpg 700w\" sizes=\"(max-width: 1000px) 100vw, 1000px\" \/>\t\t\n\t\t\t<\/div>\n\t<div class=\"evc-iwt-content\">\n\t\t\t\t\t<\/div>\n<\/div>\n\n\t<div class=\"wpb_text_column wpb_content_element  same-height-second\">\n\t\t<div class=\"wpb_wrapper\">\n\t\t\t<h5 style=\"text-align: center;\">Time Out Istria<\/h5>\n<p style=\"text-align: center;\"><a href=\"https:\/\/www.istra.hr\/downloadf\/TO_Istria_2019.pdf\" target=\"_blank\" rel=\"noopener\">English (17,8 MB)<\/a><\/p>\n\n\t\t<\/div> \n\t<\/div> <\/div><\/div><\/div><div class=\"box-holder box-holder-grey wpb_column vc_column_container vc_col-sm-6\"><div class=\"vc_column-inner\"><div class=\"wpb_wrapper\"><div class=\"evc-image-with-text evc-shortcode image-with-txt evc-shortcode-has-link\">\n\t<div class=\"evc-iwt-image\">\n\t\t\t\t\n\t\t\t\t\n\t\t<img width=\"1000\" height=\"978\" src=\"https:\/\/tzosvetanedelja.hr\/wp-content\/uploads\/2022\/03\/istarski-kasteli.jpg\" class=\"attachment-large size-large\" alt=\"Istarski ka\u0161teli\" loading=\"lazy\" srcset=\"https:\/\/tzosvetanedelja.hr\/wp-content\/uploads\/2022\/03\/istarski-kasteli.jpg 1000w, https:\/\/tzosvetanedelja.hr\/wp-content\/uploads\/2022\/03\/istarski-kasteli-768x751.jpg 768w, https:\/\/tzosvetanedelja.hr\/wp-content\/uploads\/2022\/03\/istarski-kasteli-700x685.jpg 700w\" sizes=\"(max-width: 1000px) 100vw, 1000px\" \/>\t\t\n\t\t\t<\/div>\n\t<div class=\"evc-iwt-content\">\n\t\t\t\t\t<\/div>\n<\/div>\n\n\t<div class=\"wpb_text_column wpb_content_element  same-height-second\">\n\t\t<div class=\"wpb_wrapper\">\n\t\t\t<h5 style=\"text-align: center;\">Istarski ka\u0161teli<\/h5>\n<p style=\"text-align: center;\"><a href=\"https:\/\/www.istra.hr\/downloadf\/Istrian-Castles_HR-IT.pdf\" target=\"_blank\" rel=\"noopener\">Hrvatski &amp; Italiano (7,6 MB)<\/a><br \/>\n<a href=\"https:\/\/www.istra.hr\/downloadf\/Istrian-Castles_EN-SI.pdf\" target=\"_blank\" rel=\"noopener\">Sloven\u0161\u010dina &amp; English (7,9 MB)<\/a><\/p>\n\n\t\t<\/div> \n\t<\/div> <\/div><\/div><\/div><div class=\"box-holder box-holder-grey wpb_column vc_column_container vc_col-sm-6\"><div class=\"vc_column-inner\"><div class=\"wpb_wrapper\"><div class=\"evc-image-with-text evc-shortcode image-with-txt evc-shortcode-has-link\">\n\t<div class=\"evc-iwt-image\">\n\t\t\t\t\n\t\t\t\t\n\t\t<img width=\"1000\" height=\"1026\" src=\"https:\/\/tzosvetanedelja.hr\/wp-content\/uploads\/2022\/03\/Istarska-graditeljska-bastina-venecijanskog-razdoblja.jpg\" class=\"attachment-large size-large\" alt=\"Istarska graditeljska ba\u0161tina venecijanskog razdoblja\" loading=\"lazy\" srcset=\"https:\/\/tzosvetanedelja.hr\/wp-content\/uploads\/2022\/03\/Istarska-graditeljska-bastina-venecijanskog-razdoblja.jpg 1000w, https:\/\/tzosvetanedelja.hr\/wp-content\/uploads\/2022\/03\/Istarska-graditeljska-bastina-venecijanskog-razdoblja-975x1000.jpg 975w, https:\/\/tzosvetanedelja.hr\/wp-content\/uploads\/2022\/03\/Istarska-graditeljska-bastina-venecijanskog-razdoblja-768x788.jpg 768w, https:\/\/tzosvetanedelja.hr\/wp-content\/uploads\/2022\/03\/Istarska-graditeljska-bastina-venecijanskog-razdoblja-700x718.jpg 700w\" sizes=\"(max-width: 1000px) 100vw, 1000px\" \/>\t\t\n\t\t\t<\/div>\n\t<div class=\"evc-iwt-content\">\n\t\t\t\t\t<\/div>\n<\/div>\n\n\t<div class=\"wpb_text_column wpb_content_element  same-height-second\">\n\t\t<div class=\"wpb_wrapper\">\n\t\t\t<h5 style=\"text-align: center;\">Istarska graditeljska ba\u0161tina venecijanskog razdoblja<\/h5>\n<p style=\"text-align: center;\"><a href=\"https:\/\/www.istra.hr\/downloadf\/Venetian-Heritage_HR-IT.pdf\" target=\"_blank\" rel=\"noopener\">Hrvatski &amp; Italiano (5,7 MB)<\/a><br \/>\n<a href=\"https:\/\/www.istra.hr\/downloadf\/Venetian-Heritage_EN-SI.pdf\" target=\"_blank\" rel=\"noopener\">Sloven\u0161\u010dina &amp; English (5,9 MB)<\/a><\/p>\n\n\t\t<\/div> \n\t<\/div> <\/div><\/div><\/div><div class=\"box-holder box-holder-grey wpb_column vc_column_container vc_col-sm-6\"><div class=\"vc_column-inner\"><div class=\"wpb_wrapper\"><div class=\"evc-image-with-text evc-shortcode image-with-txt evc-shortcode-has-link\">\n\t<div class=\"evc-iwt-image\">\n\t\t\t\t\n\t\t\t\t\n\t\t<img width=\"1000\" height=\"986\" src=\"https:\/\/tzosvetanedelja.hr\/wp-content\/uploads\/2022\/03\/istarske-freske.jpg\" class=\"attachment-large size-large\" alt=\"Istarske freske\" loading=\"lazy\" srcset=\"https:\/\/tzosvetanedelja.hr\/wp-content\/uploads\/2022\/03\/istarske-freske.jpg 1000w, https:\/\/tzosvetanedelja.hr\/wp-content\/uploads\/2022\/03\/istarske-freske-768x757.jpg 768w, https:\/\/tzosvetanedelja.hr\/wp-content\/uploads\/2022\/03\/istarske-freske-700x690.jpg 700w\" sizes=\"(max-width: 1000px) 100vw, 1000px\" \/>\t\t\n\t\t\t<\/div>\n\t<div class=\"evc-iwt-content\">\n\t\t\t\t\t<\/div>\n<\/div>\n\n\t<div class=\"wpb_text_column wpb_content_element  same-height-second\">\n\t\t<div class=\"wpb_wrapper\">\n\t\t\t<h5 style=\"text-align: center;\">Istarske freske<\/h5>\n<p style=\"text-align: center;\"><a href=\"https:\/\/www.istra.hr\/downloadf\/Istrian-Frescoes_HR-IT.pdf\" target=\"_blank\" rel=\"noopener\">Hrvatski &amp; Italiano (7,8 MB)<\/a><br \/>\n<a href=\"https:\/\/www.istra.hr\/downloadf\/Istrian-Frescoes_EN-SI.pdf\" target=\"_blank\" rel=\"noopener\">Sloven\u0161\u010dina &amp; English (8,2 MB)<\/a><\/p>\n\n\t\t<\/div> \n\t<\/div> <\/div><\/div><\/div><div class=\"box-holder box-holder-grey wpb_column vc_column_container vc_col-sm-6\"><div class=\"vc_column-inner\"><div class=\"wpb_wrapper\"><div class=\"evc-image-with-text evc-shortcode image-with-txt evc-shortcode-has-link\">\n\t<div class=\"evc-iwt-image\">\n\t\t\t\t\n\t\t\t\t\n\t\t<img width=\"1000\" height=\"996\" src=\"https:\/\/tzosvetanedelja.hr\/wp-content\/uploads\/2022\/03\/Put-bogova-Istarski-arheoloski-parkovi.jpg\" class=\"attachment-large size-large\" alt=\"Put bogova: Istarski arheolo\u0161ki parkovi\" loading=\"lazy\" srcset=\"https:\/\/tzosvetanedelja.hr\/wp-content\/uploads\/2022\/03\/Put-bogova-Istarski-arheoloski-parkovi.jpg 1000w, https:\/\/tzosvetanedelja.hr\/wp-content\/uploads\/2022\/03\/Put-bogova-Istarski-arheoloski-parkovi-768x765.jpg 768w, https:\/\/tzosvetanedelja.hr\/wp-content\/uploads\/2022\/03\/Put-bogova-Istarski-arheoloski-parkovi-700x697.jpg 700w\" sizes=\"(max-width: 1000px) 100vw, 1000px\" \/>\t\t\n\t\t\t<\/div>\n\t<div class=\"evc-iwt-content\">\n\t\t\t\t\t<\/div>\n<\/div>\n\n\t<div class=\"wpb_text_column wpb_content_element  same-height-second\">\n\t\t<div class=\"wpb_wrapper\">\n\t\t\t<h5 style=\"text-align: center;\">Put bogova: Istarski arheolo\u0161ki parkovi<\/h5>\n<p style=\"text-align: center;\"><a href=\"https:\/\/www.istra.hr\/downloadf\/Path-of-Gods_HR-IT.pdf\" target=\"_blank\" rel=\"noopener\">Hrvatski &amp; Italiano (8,5 MB)<\/a><br \/>\n<a href=\"https:\/\/www.istra.hr\/downloadf\/Path-of-Gods_EN-SI.pdf\" target=\"_blank\" rel=\"noopener\">Sloven\u0161\u010dina &amp; English (8,3 MB)<\/a><\/p>\n\n\t\t<\/div> \n\t<\/div> <\/div><\/div><\/div><div class=\"box-holder box-holder-grey wpb_column vc_column_container vc_col-sm-6\"><div class=\"vc_column-inner\"><div class=\"wpb_wrapper\"><div class=\"evc-image-with-text evc-shortcode image-with-txt evc-shortcode-has-link\">\n\t<div class=\"evc-iwt-image\">\n\t\t\t\t\n\t\t\t\t\n\t\t<img width=\"1000\" height=\"981\" src=\"https:\/\/tzosvetanedelja.hr\/wp-content\/uploads\/2022\/03\/Urbana-povijesna-sredista.jpg\" class=\"attachment-large size-large\" alt=\"Urbana povijesna sredi\u0161ta\" loading=\"lazy\" srcset=\"https:\/\/tzosvetanedelja.hr\/wp-content\/uploads\/2022\/03\/Urbana-povijesna-sredista.jpg 1000w, https:\/\/tzosvetanedelja.hr\/wp-content\/uploads\/2022\/03\/Urbana-povijesna-sredista-768x753.jpg 768w, https:\/\/tzosvetanedelja.hr\/wp-content\/uploads\/2022\/03\/Urbana-povijesna-sredista-700x687.jpg 700w\" sizes=\"(max-width: 1000px) 100vw, 1000px\" \/>\t\t\n\t\t\t<\/div>\n\t<div class=\"evc-iwt-content\">\n\t\t\t\t\t<\/div>\n<\/div>\n\n\t<div class=\"wpb_text_column wpb_content_element  same-height-second\">\n\t\t<div class=\"wpb_wrapper\">\n\t\t\t<h5 style=\"text-align: center;\">Urbana povijesna sredi\u0161ta<\/h5>\n<p style=\"text-align: center;\"><a href=\"https:\/\/www.istra.hr\/downloadf\/Istra_Urban-Cores_HR-SI.pdf\" target=\"_blank\" rel=\"noopener\">Hrvatski &amp; Sloven\u0161\u010dina (8,2 MB)<\/a><br \/>\n<a href=\"https:\/\/www.istra.hr\/downloadf\/Istra_Urban-Cores_EN-IT.pdf\" target=\"_blank\" rel=\"noopener\">English &amp; Italiano (8,1 MB)<\/a><br \/>\n<a href=\"https:\/\/www.istra.hr\/downloadf\/Istra_Urban-Cores_DE-FR.pdf\" target=\"_blank\" rel=\"noopener\"> Deutsch &amp; Fran\u00e7ais (8,1 MB)<\/a><\/p>\n\n\t\t<\/div> \n\t<\/div> <\/div><\/div><\/div><div class=\"box-holder box-holder-grey wpb_column vc_column_container vc_col-sm-6\"><div class=\"vc_column-inner\"><div class=\"wpb_wrapper\"><div class=\"evc-image-with-text evc-shortcode image-with-txt evc-shortcode-has-link\">\n\t<div class=\"evc-iwt-image\">\n\t\t\t\t\n\t\t\t\t\n\t\t<img width=\"1000\" height=\"1000\" src=\"https:\/\/tzosvetanedelja.hr\/wp-content\/uploads\/2022\/03\/Otisak-vremena.jpg\" class=\"attachment-large size-large\" alt=\"Otisak vremena\" loading=\"lazy\" srcset=\"https:\/\/tzosvetanedelja.hr\/wp-content\/uploads\/2022\/03\/Otisak-vremena.jpg 1000w, https:\/\/tzosvetanedelja.hr\/wp-content\/uploads\/2022\/03\/Otisak-vremena-500x500.jpg 500w, https:\/\/tzosvetanedelja.hr\/wp-content\/uploads\/2022\/03\/Otisak-vremena-768x768.jpg 768w, https:\/\/tzosvetanedelja.hr\/wp-content\/uploads\/2022\/03\/Otisak-vremena-550x550.jpg 550w, https:\/\/tzosvetanedelja.hr\/wp-content\/uploads\/2022\/03\/Otisak-vremena-700x700.jpg 700w\" sizes=\"(max-width: 1000px) 100vw, 1000px\" \/>\t\t\n\t\t\t<\/div>\n\t<div class=\"evc-iwt-content\">\n\t\t\t\t\t<\/div>\n<\/div>\n\n\t<div class=\"wpb_text_column wpb_content_element  same-height-second\">\n\t\t<div class=\"wpb_wrapper\">\n\t\t\t<h5 style=\"text-align: center;\">Otisak vremena<\/h5>\n<p style=\"text-align: center;\"><a href=\"https:\/\/www.istra.hr\/downloadf\/Istra_Imprint-of-Time_HR-SI.pdf\" target=\"_blank\" rel=\"noopener\">Hrvatski &amp; Sloven\u0161\u010dina (20,1 MB)<\/a><br \/>\n<a href=\"https:\/\/www.istra.hr\/downloadf\/Istra_Imprint-of-Time_EN-IT.pdf\" target=\"_blank\" rel=\"noopener\">English &amp; Italiano (20,3 MB)<\/a><br \/>\n<a href=\"https:\/\/www.istra.hr\/downloadf\/Istra_Imprint-of-Time_DE-FR.pdf\" target=\"_blank\" rel=\"noopener\"> Deutsch &amp; Fran\u00e7ais (20,2 MB)<\/a><\/p>\n\n\t\t<\/div> \n\t<\/div> <\/div><\/div><\/div><\/div><\/div><\/div>","protected":false},"excerpt":{"rendered":"Bro\u0161ure Turisti\u010dka karta op\u0107ine Sveta Nedelja Hrvatski, engleski\u00a0 Park Dubrova i Sv. Nedelja Hrvatski (9,6 MB) TZO Sv. Nedelja Info pano tabela Hrvatski (0,2 MB) Istra Culture Hrvatski (1,9 MB) English (1,8 MB) Deutsch (1,8 MB) Italiano (1,8 MB) Istra Culture: Karta Hrvatski (3,7 MB)...","protected":false},"author":2,"featured_media":0,"parent":0,"menu_order":0,"comment_status":"closed","ping_status":"closed","template":"","meta":[],"_links":{"self":[{"href":"https:\/\/tzosvetanedelja.hr\/it\/wp-json\/wp\/v2\/pages\/1009596"}],"collection":[{"href":"https:\/\/tzosvetanedelja.hr\/it\/wp-json\/wp\/v2\/pages"}],"about":[{"href":"https:\/\/tzosvetanedelja.hr\/it\/wp-json\/wp\/v2\/types\/page"}],"author":[{"embeddable":true,"href":"https:\/\/tzosvetanedelja.hr\/it\/wp-json\/wp\/v2\/users\/2"}],"replies":[{"embeddable":true,"href":"https:\/\/tzosvetanedelja.hr\/it\/wp-json\/wp\/v2\/comments?post=1009596"}],"version-history":[{"count":85,"href":"https:\/\/tzosvetanedelja.hr\/it\/wp-json\/wp\/v2\/pages\/1009596\/revisions"}],"predecessor-version":[{"id":1012614,"href":"https:\/\/tzosvetanedelja.hr\/it\/wp-json\/wp\/v2\/pages\/1009596\/revisions\/1012614"}],"wp:attachment":[{"href":"https:\/\/tzosvetanedelja.hr\/it\/wp-json\/wp\/v2\/media?parent=1009596"}],"curies":[{"name":"wp","href":"https:\/\/api.w.org\/{rel}","templated":true}]}}